{"id":8498,"date":"2026-01-09T11:41:40","date_gmt":"2026-01-09T10:41:40","guid":{"rendered":"https:\/\/www.nedbalka.sk\/?post_type=product&#038;p=8498"},"modified":"2026-04-11T11:08:33","modified_gmt":"2026-04-11T09:08:33","slug":"zazitkove-malovanie-malujeme-ako-francuzski-impresionisti","status":"publish","type":"product","link":"https:\/\/www.nedbalka.sk\/en\/product\/zazitkove-malovanie-malujeme-ako-francuzski-impresionisti\/","title":{"rendered":"Z\u00e1\u017eitkov\u00e9 ma\u013eovanie \u2013 Ma\u013eujeme ako franc\u00fazski impresionisti"},"content":{"rendered":"<p>Ateli\u00e9r Nedbalka v\u00e1s poz\u00fdva na kreat\u00edvne popoludnie in\u0161pirovan\u00e9 tvorbou franc\u00fazskych impresionistov. Pod veden\u00edm akademick\u00e9ho maliara Andreja August\u00edna si vytvor\u00edte vlastn\u00e9 origin\u00e1lne dielo in\u0161pirovan\u00e9 t\u00fdmto umeleck\u00fdm smerom. Pri pr\u00e1ci budeme po\u010d\u00fava\u0165 franc\u00fazske \u0161ans\u00f3ny. V\u0161etko potrebn\u00e9, vr\u00e1tane mal\u00e9ho ob\u010derstvenia, je v\u00a0cene.<\/p>\n<p>Term\u00edn: 12. 4. 2026 (nede\u013ea), 14.00 \u2013 17.00 h<\/p>\n","protected":false},"excerpt":{"rendered":"<p>Ateli\u00e9r Nedbalka v\u00e1s poz\u00fdva na kreat\u00edvne popoludnie in\u0161pirovan\u00e9 tvorbou franc\u00fazskych impresionistov. Pod veden\u00edm akademick\u00e9ho maliara Andreja August\u00edna si vytvor\u00edte vlastn\u00e9 origin\u00e1lne dielo in\u0161pirovan\u00e9 t\u00fdmto umeleck\u00fdm smerom. Pri pr\u00e1ci budeme po\u010d\u00fava\u0165 franc\u00fazske \u0161ans\u00f3ny. V\u0161etko potrebn\u00e9, vr\u00e1tane mal\u00e9ho ob\u010derstvenia, je v\u00a0cene.<\/p>\n<p>Term\u00edn:\u00a0 12. 4. 2026 (nede\u013ea)<\/p>\n","protected":false},"featured_media":7557,"template":"","meta":{"_acf_changed":false,"inline_featured_image":false},"class_list":{"0":"post-8498","1":"product","2":"type-product","3":"status-publish","4":"has-post-thumbnail","6":"product_cat-kurzy","8":"first","9":"instock","10":"virtual","11":"taxable","12":"purchasable","13":"product-type-simple"},"acf":[],"yoast_head":"<!-- This site is optimized with the Yoast SEO plugin v27.4 - https:\/\/yoast.com\/product\/yoast-seo-wordpress\/ -->\n<title>Z\u00e1\u017eitkov\u00e9 ma\u013eovanie \u2013 Ma\u013eujeme ako franc\u00fazski impresionisti | Nedbalka<\/title>\n<meta name=\"robots\" content=\"index, follow, max-snippet:-1, max-image-preview:large, max-video-preview:-1\" \/>\n<link rel=\"canonical\" href=\"https:\/\/www.nedbalka.sk\/product\/zazitkove-malovanie-malujeme-ako-francuzski-impresionisti\/\" \/>\n<meta property=\"og:locale\" content=\"en_US\" \/>\n<meta property=\"og:type\" content=\"article\" \/>\n<meta property=\"og:title\" content=\"Z\u00e1\u017eitkov\u00e9 ma\u013eovanie \u2013 Ma\u013eujeme ako franc\u00fazski impresionisti | Nedbalka\" \/>\n<meta property=\"og:description\" content=\"Ateli\u00e9r Nedbalka v\u00e1s poz\u00fdva na kreat\u00edvne popoludnie in\u0161pirovan\u00e9 tvorbou franc\u00fazskych impresionistov. Pod veden\u00edm akademick\u00e9ho maliara Andreja August\u00edna si vytvor\u00edte vlastn\u00e9 origin\u00e1lne dielo in\u0161pirovan\u00e9 t\u00fdmto umeleck\u00fdm smerom. Pri pr\u00e1ci budeme po\u010d\u00fava\u0165 franc\u00fazske \u0161ans\u00f3ny. V\u0161etko potrebn\u00e9, vr\u00e1tane mal\u00e9ho ob\u010derstvenia, je v\u00a0cene.  Term\u00edn:\u00a0 12. 4. 2026 (nede\u013ea)\" \/>\n<meta property=\"og:url\" content=\"https:\/\/www.nedbalka.sk\/product\/zazitkove-malovanie-malujeme-ako-francuzski-impresionisti\/\" \/>\n<meta property=\"og:site_name\" content=\"Nedbalka\" \/>\n<meta property=\"article:modified_time\" content=\"2026-04-11T09:08:33+00:00\" \/>\n<meta property=\"og:image\" content=\"https:\/\/www.nedbalka.sk\/wp-content\/uploads\/DSC07064-1024x683.jpg\" \/>\n\t<meta property=\"og:image:width\" content=\"1024\" \/>\n\t<meta property=\"og:image:height\" content=\"683\" \/>\n\t<meta property=\"og:image:type\" content=\"image\/jpeg\" \/>\n<meta name=\"twitter:card\" content=\"summary_large_image\" \/>\n<meta name=\"twitter:label1\" content=\"Est. reading time\" \/>\n\t<meta name=\"twitter:data1\" content=\"1 minute\" \/>\n<script type=\"application\/ld+json\" class=\"yoast-schema-graph\">{\"@context\":\"https:\\\/\\\/schema.org\",\"@graph\":[{\"@type\":\"WebPage\",\"@id\":\"https:\\\/\\\/www.nedbalka.sk\\\/product\\\/zazitkove-malovanie-malujeme-ako-francuzski-impresionisti\\\/\",\"url\":\"https:\\\/\\\/www.nedbalka.sk\\\/product\\\/zazitkove-malovanie-malujeme-ako-francuzski-impresionisti\\\/\",\"name\":\"Z\u00e1\u017eitkov\u00e9 ma\u013eovanie \u2013 Ma\u013eujeme ako franc\u00fazski impresionisti | Nedbalka\",\"isPartOf\":{\"@id\":\"https:\\\/\\\/www.nedbalka.sk\\\/#website\"},\"primaryImageOfPage\":{\"@id\":\"https:\\\/\\\/www.nedbalka.sk\\\/product\\\/zazitkove-malovanie-malujeme-ako-francuzski-impresionisti\\\/#primaryimage\"},\"image\":{\"@id\":\"https:\\\/\\\/www.nedbalka.sk\\\/product\\\/zazitkove-malovanie-malujeme-ako-francuzski-impresionisti\\\/#primaryimage\"},\"thumbnailUrl\":\"https:\\\/\\\/www.nedbalka.sk\\\/wp-content\\\/uploads\\\/DSC07064.jpg\",\"datePublished\":\"2026-01-09T10:41:40+00:00\",\"dateModified\":\"2026-04-11T09:08:33+00:00\",\"breadcrumb\":{\"@id\":\"https:\\\/\\\/www.nedbalka.sk\\\/product\\\/zazitkove-malovanie-malujeme-ako-francuzski-impresionisti\\\/#breadcrumb\"},\"inLanguage\":\"en-US\",\"potentialAction\":[{\"@type\":\"ReadAction\",\"target\":[\"https:\\\/\\\/www.nedbalka.sk\\\/product\\\/zazitkove-malovanie-malujeme-ako-francuzski-impresionisti\\\/\"]}]},{\"@type\":\"ImageObject\",\"inLanguage\":\"en-US\",\"@id\":\"https:\\\/\\\/www.nedbalka.sk\\\/product\\\/zazitkove-malovanie-malujeme-ako-francuzski-impresionisti\\\/#primaryimage\",\"url\":\"https:\\\/\\\/www.nedbalka.sk\\\/wp-content\\\/uploads\\\/DSC07064.jpg\",\"contentUrl\":\"https:\\\/\\\/www.nedbalka.sk\\\/wp-content\\\/uploads\\\/DSC07064.jpg\",\"width\":7952,\"height\":5304},{\"@type\":\"BreadcrumbList\",\"@id\":\"https:\\\/\\\/www.nedbalka.sk\\\/product\\\/zazitkove-malovanie-malujeme-ako-francuzski-impresionisti\\\/#breadcrumb\",\"itemListElement\":[{\"@type\":\"ListItem\",\"position\":1,\"name\":\"Home\",\"item\":\"https:\\\/\\\/www.nedbalka.sk\\\/en\\\/\"},{\"@type\":\"ListItem\",\"position\":2,\"name\":\"E-shop\",\"item\":\"https:\\\/\\\/www.nedbalka.sk\\\/e-shop\\\/\"},{\"@type\":\"ListItem\",\"position\":3,\"name\":\"Z\u00e1\u017eitkov\u00e9 ma\u013eovanie \u2013 Ma\u013eujeme ako franc\u00fazski impresionisti\"}]},{\"@type\":\"WebSite\",\"@id\":\"https:\\\/\\\/www.nedbalka.sk\\\/#website\",\"url\":\"https:\\\/\\\/www.nedbalka.sk\\\/\",\"name\":\"Nedbalka\",\"description\":\"\u0164a\u017eisko zbierky Gal\u00e9rie Nedbalka spo\u010d\u00edva v slovenskej ma\u013ebe 20. storo\u010dia, ale s\u00fa v nej zast\u00fapen\u00e9 aj socha a grafika. Gal\u00e9ria diela prezentuje prostredn\u00edctvom st\u00e1lej expoz\u00edcie a kr\u00e1tkodob\u00fdch v\u00fdstav.\",\"potentialAction\":[{\"@type\":\"SearchAction\",\"target\":{\"@type\":\"EntryPoint\",\"urlTemplate\":\"https:\\\/\\\/www.nedbalka.sk\\\/?s={search_term_string}\"},\"query-input\":{\"@type\":\"PropertyValueSpecification\",\"valueRequired\":true,\"valueName\":\"search_term_string\"}}],\"inLanguage\":\"en-US\"}]}<\/script>\n<!-- \/ Yoast SEO plugin. -->","yoast_head_json":{"title":"Z\u00e1\u017eitkov\u00e9 ma\u013eovanie \u2013 Ma\u013eujeme ako franc\u00fazski impresionisti | Nedbalka","robots":{"index":"index","follow":"follow","max-snippet":"max-snippet:-1","max-image-preview":"max-image-preview:large","max-video-preview":"max-video-preview:-1"},"canonical":"https:\/\/www.nedbalka.sk\/product\/zazitkove-malovanie-malujeme-ako-francuzski-impresionisti\/","og_locale":"en_US","og_type":"article","og_title":"Z\u00e1\u017eitkov\u00e9 ma\u013eovanie \u2013 Ma\u013eujeme ako franc\u00fazski impresionisti | Nedbalka","og_description":"Ateli\u00e9r Nedbalka v\u00e1s poz\u00fdva na kreat\u00edvne popoludnie in\u0161pirovan\u00e9 tvorbou franc\u00fazskych impresionistov. Pod veden\u00edm akademick\u00e9ho maliara Andreja August\u00edna si vytvor\u00edte vlastn\u00e9 origin\u00e1lne dielo in\u0161pirovan\u00e9 t\u00fdmto umeleck\u00fdm smerom. Pri pr\u00e1ci budeme po\u010d\u00fava\u0165 franc\u00fazske \u0161ans\u00f3ny. V\u0161etko potrebn\u00e9, vr\u00e1tane mal\u00e9ho ob\u010derstvenia, je v\u00a0cene.  Term\u00edn:\u00a0 12. 4. 2026 (nede\u013ea)","og_url":"https:\/\/www.nedbalka.sk\/product\/zazitkove-malovanie-malujeme-ako-francuzski-impresionisti\/","og_site_name":"Nedbalka","article_modified_time":"2026-04-11T09:08:33+00:00","og_image":[{"width":1024,"height":683,"url":"https:\/\/www.nedbalka.sk\/wp-content\/uploads\/DSC07064-1024x683.jpg","type":"image\/jpeg"}],"twitter_card":"summary_large_image","twitter_misc":{"Est. reading time":"1 minute"},"schema":{"@context":"https:\/\/schema.org","@graph":[{"@type":"WebPage","@id":"https:\/\/www.nedbalka.sk\/product\/zazitkove-malovanie-malujeme-ako-francuzski-impresionisti\/","url":"https:\/\/www.nedbalka.sk\/product\/zazitkove-malovanie-malujeme-ako-francuzski-impresionisti\/","name":"Z\u00e1\u017eitkov\u00e9 ma\u013eovanie \u2013 Ma\u013eujeme ako franc\u00fazski impresionisti | Nedbalka","isPartOf":{"@id":"https:\/\/www.nedbalka.sk\/#website"},"primaryImageOfPage":{"@id":"https:\/\/www.nedbalka.sk\/product\/zazitkove-malovanie-malujeme-ako-francuzski-impresionisti\/#primaryimage"},"image":{"@id":"https:\/\/www.nedbalka.sk\/product\/zazitkove-malovanie-malujeme-ako-francuzski-impresionisti\/#primaryimage"},"thumbnailUrl":"https:\/\/www.nedbalka.sk\/wp-content\/uploads\/DSC07064.jpg","datePublished":"2026-01-09T10:41:40+00:00","dateModified":"2026-04-11T09:08:33+00:00","breadcrumb":{"@id":"https:\/\/www.nedbalka.sk\/product\/zazitkove-malovanie-malujeme-ako-francuzski-impresionisti\/#breadcrumb"},"inLanguage":"en-US","potentialAction":[{"@type":"ReadAction","target":["https:\/\/www.nedbalka.sk\/product\/zazitkove-malovanie-malujeme-ako-francuzski-impresionisti\/"]}]},{"@type":"ImageObject","inLanguage":"en-US","@id":"https:\/\/www.nedbalka.sk\/product\/zazitkove-malovanie-malujeme-ako-francuzski-impresionisti\/#primaryimage","url":"https:\/\/www.nedbalka.sk\/wp-content\/uploads\/DSC07064.jpg","contentUrl":"https:\/\/www.nedbalka.sk\/wp-content\/uploads\/DSC07064.jpg","width":7952,"height":5304},{"@type":"BreadcrumbList","@id":"https:\/\/www.nedbalka.sk\/product\/zazitkove-malovanie-malujeme-ako-francuzski-impresionisti\/#breadcrumb","itemListElement":[{"@type":"ListItem","position":1,"name":"Home","item":"https:\/\/www.nedbalka.sk\/en\/"},{"@type":"ListItem","position":2,"name":"E-shop","item":"https:\/\/www.nedbalka.sk\/e-shop\/"},{"@type":"ListItem","position":3,"name":"Z\u00e1\u017eitkov\u00e9 ma\u013eovanie \u2013 Ma\u013eujeme ako franc\u00fazski impresionisti"}]},{"@type":"WebSite","@id":"https:\/\/www.nedbalka.sk\/#website","url":"https:\/\/www.nedbalka.sk\/","name":"Nedbalka","description":"\u0164a\u017eisko zbierky Gal\u00e9rie Nedbalka spo\u010d\u00edva v slovenskej ma\u013ebe 20. storo\u010dia, ale s\u00fa v nej zast\u00fapen\u00e9 aj socha a grafika. Gal\u00e9ria diela prezentuje prostredn\u00edctvom st\u00e1lej expoz\u00edcie a kr\u00e1tkodob\u00fdch v\u00fdstav.","potentialAction":[{"@type":"SearchAction","target":{"@type":"EntryPoint","urlTemplate":"https:\/\/www.nedbalka.sk\/?s={search_term_string}"},"query-input":{"@type":"PropertyValueSpecification","valueRequired":true,"valueName":"search_term_string"}}],"inLanguage":"en-US"}]}},"_links":{"self":[{"href":"https:\/\/www.nedbalka.sk\/en\/wp-json\/wp\/v2\/product\/8498","targetHints":{"allow":["GET"]}}],"collection":[{"href":"https:\/\/www.nedbalka.sk\/en\/wp-json\/wp\/v2\/product"}],"about":[{"href":"https:\/\/www.nedbalka.sk\/en\/wp-json\/wp\/v2\/types\/product"}],"wp:featuredmedia":[{"embeddable":true,"href":"https:\/\/www.nedbalka.sk\/en\/wp-json\/wp\/v2\/media\/7557"}],"wp:attachment":[{"href":"https:\/\/www.nedbalka.sk\/en\/wp-json\/wp\/v2\/media?parent=8498"}],"curies":[{"name":"wp","href":"https:\/\/api.w.org\/{rel}","templated":true}]}}