{"id":2307,"date":"2013-10-01T20:11:44","date_gmt":"2013-10-01T19:11:44","guid":{"rendered":"http:\/\/www.nedbalka.sk\/?post_type=product&#038;p=2307"},"modified":"2019-04-23T14:28:19","modified_gmt":"2019-04-23T13:28:19","slug":"kniha-endre-nemes-obrazove-basne","status":"publish","type":"product","link":"https:\/\/www.nedbalka.sk\/en\/product\/kniha-endre-nemes-obrazove-basne\/","title":{"rendered":"Endre Nemes &#8211; Obrazov\u00e9 b\u00e1sne"},"content":{"rendered":"","protected":false},"excerpt":{"rendered":"<p>Kniha k v\u00fdstave Endre Nemesa pod n\u00e1zvom Obrazov\u00e9 b\u00e1sne prezentuje diela autora, ktor\u00e9 m\u00e1 vo svojich zbierkach Gal\u00e9ria Nedbalka. Text o umelcovi a jeho tvoriv\u00fdch obdobiach nap\u00edsal Ivan Jan\u010d\u00e1r. V knihe s\u00fa okrem diel, ve\u013ekoryso publikovan\u00e9 aj zauj\u00edmav\u00e9 detaily z obrazov Endre Nemesa. Bol jedn\u00fdm z prv\u00fdch, ktor\u00fd oto\u010dil zrak od vonkaj\u0161ej reality k vn\u00fatorn\u00e9mu, \u010dasto sebatr\u00fdzniv\u00e9mu sk\u00famaniu. V jeho obrazoch sa postupne oz\u00fdvaj\u00fa odkazy na expresionizmus, kubizmus a surrealizmus, vo svojej neskor\u0161ej tvorbe sa vyjadruje prostredn\u00edctvom nefigurat\u00edvnej tvorby, v z\u00e1vere\u010dnej etape sa koncentruje na kol\u00e1\u017ee, kde sa op\u00e4tovne objavuj\u00fa aj figurat\u00edvne prvky. O jeho tvorbe sa po roku 1948 v b\u00fdvalom \u010ceskoslovensku dlh\u00e9 roky ml\u010dalo, po kr\u00e1tkom z\u00e1ujme v 60. rokoch za\u010dala by\u0165 jeho tvorba op\u00e4tovne prehodnocovan\u00e1 a\u017e po roku 1989. Za\u010diatky Endre Nemesa po n\u00fatenej emigr\u00e1ci\u00ed pred fa\u0161izmom v roku 1938 do \u0160v\u00e9dska (po kr\u00e1tkych pobytoch vo F\u00ednsku a N\u00f3rsku) boli zlo\u017eit\u00e9 a n\u00e1ro\u010dn\u00e9, postupne sa v\u0161ak so svojou tvorbou aj v umelecky pomerne konzervat\u00edvnom \u0160v\u00e9dsku v\u00fdrazne presadil.<\/p>\n<p><strong>Publik\u00e1cia: Endre Nemes \u2013 Obrazov\u00e9 b\u00e1sne \/ Visual Poems; <\/strong>autor textov: Ivan Jan\u010d\u00e1r; po\u010det str\u00e1n: 96; v\u00e4zba: pevn\u00e1; jazyk: slovensk\u00fd a\u00a0anglick\u00fd; rok vydania: 2013.<\/p>\n","protected":false},"featured_media":2308,"template":"","meta":{"_acf_changed":false,"inline_featured_image":false},"class_list":{"0":"post-2307","1":"product","2":"type-product","3":"status-publish","4":"has-post-thumbnail","6":"product_cat-katalog","8":"first","9":"instock","10":"taxable","11":"shipping-taxable","12":"purchasable","13":"product-type-simple"},"acf":[],"yoast_head":"<!-- This site is optimized with the Yoast SEO plugin v27.4 - https:\/\/yoast.com\/product\/yoast-seo-wordpress\/ -->\n<title>Endre Nemes - Obrazov\u00e9 b\u00e1sne | Nedbalka<\/title>\n<meta name=\"robots\" content=\"index, follow, max-snippet:-1, max-image-preview:large, max-video-preview:-1\" \/>\n<link rel=\"canonical\" href=\"https:\/\/www.nedbalka.sk\/en\/product\/kniha-endre-nemes-obrazove-basne\/\" \/>\n<meta property=\"og:locale\" content=\"en_US\" \/>\n<meta property=\"og:type\" content=\"article\" \/>\n<meta property=\"og:title\" content=\"Endre Nemes - Obrazov\u00e9 b\u00e1sne | Nedbalka\" \/>\n<meta property=\"og:description\" content=\"Kniha k v\u00fdstave Endre Nemesa pod n\u00e1zvom Obrazov\u00e9 b\u00e1sne prezentuje diela autora, ktor\u00e9 m\u00e1 vo svojich zbierkach Gal\u00e9ria Nedbalka. Text o umelcovi a jeho tvoriv\u00fdch obdobiach nap\u00edsal Ivan Jan\u010d\u00e1r. V knihe s\u00fa okrem diel, ve\u013ekoryso publikovan\u00e9 aj zauj\u00edmav\u00e9 detaily z obrazov Endre Nemesa. Bol jedn\u00fdm z prv\u00fdch, ktor\u00fd oto\u010dil zrak od vonkaj\u0161ej reality k vn\u00fatorn\u00e9mu, \u010dasto sebatr\u00fdzniv\u00e9mu sk\u00famaniu. V jeho obrazoch sa postupne oz\u00fdvaj\u00fa odkazy na expresionizmus, kubizmus a surrealizmus, vo svojej neskor\u0161ej tvorbe sa vyjadruje prostredn\u00edctvom nefigurat\u00edvnej tvorby, v z\u00e1vere\u010dnej etape sa koncentruje na kol\u00e1\u017ee, kde sa op\u00e4tovne objavuj\u00fa aj figurat\u00edvne prvky. O jeho tvorbe sa po roku 1948 v b\u00fdvalom \u010ceskoslovensku dlh\u00e9 roky ml\u010dalo, po kr\u00e1tkom z\u00e1ujme v 60. rokoch za\u010dala by\u0165 jeho tvorba op\u00e4tovne prehodnocovan\u00e1 a\u017e po roku 1989. Za\u010diatky Endre Nemesa po n\u00fatenej emigr\u00e1ci\u00ed pred fa\u0161izmom v roku 1938 do \u0160v\u00e9dska (po kr\u00e1tkych pobytoch vo F\u00ednsku a N\u00f3rsku) boli zlo\u017eit\u00e9 a n\u00e1ro\u010dn\u00e9, postupne sa v\u0161ak so svojou tvorbou aj v umelecky pomerne konzervat\u00edvnom \u0160v\u00e9dsku v\u00fdrazne presadil.  Publik\u00e1cia: Endre Nemes \u2013 Obrazov\u00e9 b\u00e1sne \/ Visual Poems; autor textov: Ivan Jan\u010d\u00e1r; po\u010det str\u00e1n: 96; v\u00e4zba: pevn\u00e1; jazyk: slovensk\u00fd a\u00a0anglick\u00fd; rok vydania: 2013.\" \/>\n<meta property=\"og:url\" content=\"https:\/\/www.nedbalka.sk\/en\/product\/kniha-endre-nemes-obrazove-basne\/\" \/>\n<meta property=\"og:site_name\" content=\"Nedbalka\" \/>\n<meta property=\"article:modified_time\" content=\"2019-04-23T13:28:19+00:00\" \/>\n<meta property=\"og:image\" content=\"https:\/\/www.nedbalka.sk\/wp-content\/uploads\/Endre-Nemes-Obrazove\u0301-ba\u0301sne.jpg\" \/>\n\t<meta property=\"og:image:width\" content=\"865\" \/>\n\t<meta property=\"og:image:height\" content=\"1156\" \/>\n\t<meta property=\"og:image:type\" content=\"image\/jpeg\" \/>\n<meta name=\"twitter:card\" content=\"summary_large_image\" \/>\n<script type=\"application\/ld+json\" class=\"yoast-schema-graph\">{\"@context\":\"https:\\\/\\\/schema.org\",\"@graph\":[{\"@type\":\"WebPage\",\"@id\":\"https:\\\/\\\/www.nedbalka.sk\\\/en\\\/product\\\/kniha-endre-nemes-obrazove-basne\\\/\",\"url\":\"https:\\\/\\\/www.nedbalka.sk\\\/en\\\/product\\\/kniha-endre-nemes-obrazove-basne\\\/\",\"name\":\"Endre Nemes - Obrazov\u00e9 b\u00e1sne | Nedbalka\",\"isPartOf\":{\"@id\":\"https:\\\/\\\/www.nedbalka.sk\\\/#website\"},\"primaryImageOfPage\":{\"@id\":\"https:\\\/\\\/www.nedbalka.sk\\\/en\\\/product\\\/kniha-endre-nemes-obrazove-basne\\\/#primaryimage\"},\"image\":{\"@id\":\"https:\\\/\\\/www.nedbalka.sk\\\/en\\\/product\\\/kniha-endre-nemes-obrazove-basne\\\/#primaryimage\"},\"thumbnailUrl\":\"https:\\\/\\\/www.nedbalka.sk\\\/wp-content\\\/uploads\\\/Endre-Nemes-Obrazove\u0301-ba\u0301sne.jpg\",\"datePublished\":\"2013-10-01T19:11:44+00:00\",\"dateModified\":\"2019-04-23T13:28:19+00:00\",\"breadcrumb\":{\"@id\":\"https:\\\/\\\/www.nedbalka.sk\\\/en\\\/product\\\/kniha-endre-nemes-obrazove-basne\\\/#breadcrumb\"},\"inLanguage\":\"en-US\",\"potentialAction\":[{\"@type\":\"ReadAction\",\"target\":[\"https:\\\/\\\/www.nedbalka.sk\\\/en\\\/product\\\/kniha-endre-nemes-obrazove-basne\\\/\"]}]},{\"@type\":\"ImageObject\",\"inLanguage\":\"en-US\",\"@id\":\"https:\\\/\\\/www.nedbalka.sk\\\/en\\\/product\\\/kniha-endre-nemes-obrazove-basne\\\/#primaryimage\",\"url\":\"https:\\\/\\\/www.nedbalka.sk\\\/wp-content\\\/uploads\\\/Endre-Nemes-Obrazove\u0301-ba\u0301sne.jpg\",\"contentUrl\":\"https:\\\/\\\/www.nedbalka.sk\\\/wp-content\\\/uploads\\\/Endre-Nemes-Obrazove\u0301-ba\u0301sne.jpg\",\"width\":865,\"height\":1156,\"caption\":\"Endre Nemes - Obrazove\u0301 ba\u0301sne\"},{\"@type\":\"BreadcrumbList\",\"@id\":\"https:\\\/\\\/www.nedbalka.sk\\\/en\\\/product\\\/kniha-endre-nemes-obrazove-basne\\\/#breadcrumb\",\"itemListElement\":[{\"@type\":\"ListItem\",\"position\":1,\"name\":\"Home\",\"item\":\"https:\\\/\\\/www.nedbalka.sk\\\/en\\\/\"},{\"@type\":\"ListItem\",\"position\":2,\"name\":\"E-shop\",\"item\":\"https:\\\/\\\/www.nedbalka.sk\\\/e-shop\\\/\"},{\"@type\":\"ListItem\",\"position\":3,\"name\":\"Endre Nemes &#8211; Obrazov\u00e9 b\u00e1sne\"}]},{\"@type\":\"WebSite\",\"@id\":\"https:\\\/\\\/www.nedbalka.sk\\\/#website\",\"url\":\"https:\\\/\\\/www.nedbalka.sk\\\/\",\"name\":\"Nedbalka\",\"description\":\"\u0164a\u017eisko zbierky Gal\u00e9rie Nedbalka spo\u010d\u00edva v slovenskej ma\u013ebe 20. storo\u010dia, ale s\u00fa v nej zast\u00fapen\u00e9 aj socha a grafika. Gal\u00e9ria diela prezentuje prostredn\u00edctvom st\u00e1lej expoz\u00edcie a kr\u00e1tkodob\u00fdch v\u00fdstav.\",\"potentialAction\":[{\"@type\":\"SearchAction\",\"target\":{\"@type\":\"EntryPoint\",\"urlTemplate\":\"https:\\\/\\\/www.nedbalka.sk\\\/?s={search_term_string}\"},\"query-input\":{\"@type\":\"PropertyValueSpecification\",\"valueRequired\":true,\"valueName\":\"search_term_string\"}}],\"inLanguage\":\"en-US\"}]}<\/script>\n<!-- \/ Yoast SEO plugin. -->","yoast_head_json":{"title":"Endre Nemes - Obrazov\u00e9 b\u00e1sne | Nedbalka","robots":{"index":"index","follow":"follow","max-snippet":"max-snippet:-1","max-image-preview":"max-image-preview:large","max-video-preview":"max-video-preview:-1"},"canonical":"https:\/\/www.nedbalka.sk\/en\/product\/kniha-endre-nemes-obrazove-basne\/","og_locale":"en_US","og_type":"article","og_title":"Endre Nemes - Obrazov\u00e9 b\u00e1sne | Nedbalka","og_description":"Kniha k v\u00fdstave Endre Nemesa pod n\u00e1zvom Obrazov\u00e9 b\u00e1sne prezentuje diela autora, ktor\u00e9 m\u00e1 vo svojich zbierkach Gal\u00e9ria Nedbalka. Text o umelcovi a jeho tvoriv\u00fdch obdobiach nap\u00edsal Ivan Jan\u010d\u00e1r. V knihe s\u00fa okrem diel, ve\u013ekoryso publikovan\u00e9 aj zauj\u00edmav\u00e9 detaily z obrazov Endre Nemesa. Bol jedn\u00fdm z prv\u00fdch, ktor\u00fd oto\u010dil zrak od vonkaj\u0161ej reality k vn\u00fatorn\u00e9mu, \u010dasto sebatr\u00fdzniv\u00e9mu sk\u00famaniu. V jeho obrazoch sa postupne oz\u00fdvaj\u00fa odkazy na expresionizmus, kubizmus a surrealizmus, vo svojej neskor\u0161ej tvorbe sa vyjadruje prostredn\u00edctvom nefigurat\u00edvnej tvorby, v z\u00e1vere\u010dnej etape sa koncentruje na kol\u00e1\u017ee, kde sa op\u00e4tovne objavuj\u00fa aj figurat\u00edvne prvky. O jeho tvorbe sa po roku 1948 v b\u00fdvalom \u010ceskoslovensku dlh\u00e9 roky ml\u010dalo, po kr\u00e1tkom z\u00e1ujme v 60. rokoch za\u010dala by\u0165 jeho tvorba op\u00e4tovne prehodnocovan\u00e1 a\u017e po roku 1989. Za\u010diatky Endre Nemesa po n\u00fatenej emigr\u00e1ci\u00ed pred fa\u0161izmom v roku 1938 do \u0160v\u00e9dska (po kr\u00e1tkych pobytoch vo F\u00ednsku a N\u00f3rsku) boli zlo\u017eit\u00e9 a n\u00e1ro\u010dn\u00e9, postupne sa v\u0161ak so svojou tvorbou aj v umelecky pomerne konzervat\u00edvnom \u0160v\u00e9dsku v\u00fdrazne presadil.  Publik\u00e1cia: Endre Nemes \u2013 Obrazov\u00e9 b\u00e1sne \/ Visual Poems; autor textov: Ivan Jan\u010d\u00e1r; po\u010det str\u00e1n: 96; v\u00e4zba: pevn\u00e1; jazyk: slovensk\u00fd a\u00a0anglick\u00fd; rok vydania: 2013.","og_url":"https:\/\/www.nedbalka.sk\/en\/product\/kniha-endre-nemes-obrazove-basne\/","og_site_name":"Nedbalka","article_modified_time":"2019-04-23T13:28:19+00:00","og_image":[{"width":865,"height":1156,"url":"https:\/\/www.nedbalka.sk\/wp-content\/uploads\/Endre-Nemes-Obrazove\u0301-ba\u0301sne.jpg","type":"image\/jpeg"}],"twitter_card":"summary_large_image","schema":{"@context":"https:\/\/schema.org","@graph":[{"@type":"WebPage","@id":"https:\/\/www.nedbalka.sk\/en\/product\/kniha-endre-nemes-obrazove-basne\/","url":"https:\/\/www.nedbalka.sk\/en\/product\/kniha-endre-nemes-obrazove-basne\/","name":"Endre Nemes - Obrazov\u00e9 b\u00e1sne | Nedbalka","isPartOf":{"@id":"https:\/\/www.nedbalka.sk\/#website"},"primaryImageOfPage":{"@id":"https:\/\/www.nedbalka.sk\/en\/product\/kniha-endre-nemes-obrazove-basne\/#primaryimage"},"image":{"@id":"https:\/\/www.nedbalka.sk\/en\/product\/kniha-endre-nemes-obrazove-basne\/#primaryimage"},"thumbnailUrl":"https:\/\/www.nedbalka.sk\/wp-content\/uploads\/Endre-Nemes-Obrazove\u0301-ba\u0301sne.jpg","datePublished":"2013-10-01T19:11:44+00:00","dateModified":"2019-04-23T13:28:19+00:00","breadcrumb":{"@id":"https:\/\/www.nedbalka.sk\/en\/product\/kniha-endre-nemes-obrazove-basne\/#breadcrumb"},"inLanguage":"en-US","potentialAction":[{"@type":"ReadAction","target":["https:\/\/www.nedbalka.sk\/en\/product\/kniha-endre-nemes-obrazove-basne\/"]}]},{"@type":"ImageObject","inLanguage":"en-US","@id":"https:\/\/www.nedbalka.sk\/en\/product\/kniha-endre-nemes-obrazove-basne\/#primaryimage","url":"https:\/\/www.nedbalka.sk\/wp-content\/uploads\/Endre-Nemes-Obrazove\u0301-ba\u0301sne.jpg","contentUrl":"https:\/\/www.nedbalka.sk\/wp-content\/uploads\/Endre-Nemes-Obrazove\u0301-ba\u0301sne.jpg","width":865,"height":1156,"caption":"Endre Nemes - Obrazove\u0301 ba\u0301sne"},{"@type":"BreadcrumbList","@id":"https:\/\/www.nedbalka.sk\/en\/product\/kniha-endre-nemes-obrazove-basne\/#breadcrumb","itemListElement":[{"@type":"ListItem","position":1,"name":"Home","item":"https:\/\/www.nedbalka.sk\/en\/"},{"@type":"ListItem","position":2,"name":"E-shop","item":"https:\/\/www.nedbalka.sk\/e-shop\/"},{"@type":"ListItem","position":3,"name":"Endre Nemes &#8211; Obrazov\u00e9 b\u00e1sne"}]},{"@type":"WebSite","@id":"https:\/\/www.nedbalka.sk\/#website","url":"https:\/\/www.nedbalka.sk\/","name":"Nedbalka","description":"\u0164a\u017eisko zbierky Gal\u00e9rie Nedbalka spo\u010d\u00edva v slovenskej ma\u013ebe 20. storo\u010dia, ale s\u00fa v nej zast\u00fapen\u00e9 aj socha a grafika. Gal\u00e9ria diela prezentuje prostredn\u00edctvom st\u00e1lej expoz\u00edcie a kr\u00e1tkodob\u00fdch v\u00fdstav.","potentialAction":[{"@type":"SearchAction","target":{"@type":"EntryPoint","urlTemplate":"https:\/\/www.nedbalka.sk\/?s={search_term_string}"},"query-input":{"@type":"PropertyValueSpecification","valueRequired":true,"valueName":"search_term_string"}}],"inLanguage":"en-US"}]}},"_links":{"self":[{"href":"https:\/\/www.nedbalka.sk\/en\/wp-json\/wp\/v2\/product\/2307","targetHints":{"allow":["GET"]}}],"collection":[{"href":"https:\/\/www.nedbalka.sk\/en\/wp-json\/wp\/v2\/product"}],"about":[{"href":"https:\/\/www.nedbalka.sk\/en\/wp-json\/wp\/v2\/types\/product"}],"wp:featuredmedia":[{"embeddable":true,"href":"https:\/\/www.nedbalka.sk\/en\/wp-json\/wp\/v2\/media\/2308"}],"wp:attachment":[{"href":"https:\/\/www.nedbalka.sk\/en\/wp-json\/wp\/v2\/media?parent=2307"}],"curies":[{"name":"wp","href":"https:\/\/api.w.org\/{rel}","templated":true}]}}