{"version":"1.0","provider_name":"Nedbalka","provider_url":"https:\/\/www.nedbalka.sk\/en\/","title":"\u010cutek na tretiu | Nedbalka","type":"rich","width":600,"height":338,"html":"<blockquote class=\"wp-embedded-content\" data-secret=\"5AL3aS9NZW\"><a href=\"https:\/\/www.nedbalka.sk\/en\/product\/cutek-na-tretiu\/\">\u010cutek na tretiu<\/a><\/blockquote><iframe sandbox=\"allow-scripts\" security=\"restricted\" src=\"https:\/\/www.nedbalka.sk\/en\/product\/cutek-na-tretiu\/embed\/#?secret=5AL3aS9NZW\" width=\"600\" height=\"338\" title=\"&#8220;\u010cutek na tretiu&#8221; &#8212; Nedbalka\" data-secret=\"5AL3aS9NZW\" frameborder=\"0\" marginwidth=\"0\" marginheight=\"0\" scrolling=\"no\" class=\"wp-embedded-content\"><\/iframe><script type=\"text\/javascript\">\n\/* <![CDATA[ *\/\n\/*! This file is auto-generated *\/\n!function(d,l){\"use strict\";l.querySelector&&d.addEventListener&&\"undefined\"!=typeof URL&&(d.wp=d.wp||{},d.wp.receiveEmbedMessage||(d.wp.receiveEmbedMessage=function(e){var t=e.data;if((t||t.secret||t.message||t.value)&&!\/[^a-zA-Z0-9]\/.test(t.secret)){for(var s,r,n,a=l.querySelectorAll('iframe[data-secret=\"'+t.secret+'\"]'),o=l.querySelectorAll('blockquote[data-secret=\"'+t.secret+'\"]'),c=new RegExp(\"^https?:$\",\"i\"),i=0;i<o.length;i++)o[i].style.display=\"none\";for(i=0;i<a.length;i++)s=a[i],e.source===s.contentWindow&&(s.removeAttribute(\"style\"),\"height\"===t.message?(1e3<(r=parseInt(t.value,10))?r=1e3:~~r<200&&(r=200),s.height=r):\"link\"===t.message&&(r=new URL(s.getAttribute(\"src\")),n=new URL(t.value),c.test(n.protocol))&&n.host===r.host&&l.activeElement===s&&(d.top.location.href=t.value))}},d.addEventListener(\"message\",d.wp.receiveEmbedMessage,!1),l.addEventListener(\"DOMContentLoaded\",function(){for(var e,t,s=l.querySelectorAll(\"iframe.wp-embedded-content\"),r=0;r<s.length;r++)(t=(e=s[r]).getAttribute(\"data-secret\"))||(t=Math.random().toString(36).substring(2,12),e.src+=\"#?secret=\"+t,e.setAttribute(\"data-secret\",t)),e.contentWindow.postMessage({message:\"ready\",secret:t},\"*\")},!1)))}(window,document);\n\/\/# sourceURL=https:\/\/www.nedbalka.sk\/wp-includes\/js\/wp-embed.min.js\n\/* ]]> *\/\n<\/script>\n","thumbnail_url":"https:\/\/www.nedbalka.sk\/wp-content\/uploads\/Unknown-1-7.jpeg","thumbnail_width":865,"thumbnail_height":1156,"description":"Koncepcia v\u00fdstavy i publik\u00e1cie je prirodzene rozdelen\u00e1 do troch \u010dast\u00ed pod\u013ea jednotliv\u00fdch autorov v\u00a0chronologickej postupnosti ich tvoriv\u00fdch dr\u00e1h. Kur\u00e1tor v\u00fdstavy Karol Mali\u0148\u00e1k jednotliv\u00e9 diela a skupiny diel za\u010dle\u0148uje do \u010dasov\u00fdch s\u00favislost\u00ed na priestore temer sedemdesiatich rokov tvorby troch gener\u00e1ci\u00ed umelcov, pribli\u017euje dobu a\u00a0podmienky \u010di situ\u00e1cie, v\u00a0ktor\u00fdch jednotliv\u00e9 diela \u010di koncepcie vznikali a\u00a0rozvinuli sa. Na\u010drt\u00e1va z\u00e1kladn\u00e9 in\u0161pir\u00e1cie, pohn\u00fatky k\u00a0tvorbe \u010di \u017eivotn\u00e9 filozofie a\u00a0postoje, pramene, z\u00a0ktor\u00fdch tvorba jednotliv\u00fdch autorov vych\u00e1dza. V\u00fdstava aj publik\u00e1cia pote\u0161ia predov\u0161etk\u00fdm z\u00e1ujemcov o\u00a0ikonick\u00e9 \u0161es\u0165desiate roky a\u00a0h\u013eadanie univerz\u00e1lneho, archetyp\u00e1lneho, v\u0161eobsiahleho tvaru vo vz\u0165ahu k\u00a0dom\u00e1cej trad\u00edcii, o\u00a0umenie Skupiny Mikul\u00e1\u0161a Galandu, ktor\u00e1 prestavovala najprogres\u00edvnej\u0161ie tendencie s\u00fadob\u00e9ho umenia na Slovensku a\u00a0dnes patr\u00ed k\u00a0zlat\u00e9mu fondu slovensk\u00e9ho umenia; ale i\u00a0z\u00e1ujemcov o\u00a0hrav\u00e9, \u010dist\u00e9, pr\u00ed\u0165a\u017eliv\u00e9 diela, ktor\u00e9 sa hl\u00e1sia k\u00a0estetick\u00fdm hodnot\u00e1m materi\u00e1lu (dreva a\u00a0kovu) s\u00a0pr\u00edzna\u010dn\u00fdm humorom, d\u00e1vkou nostalgie, \u0161tipkou ir\u00f3nie, ale i\u00a0l\u00e1sky a \u00facty k\u00a0\u010dloveku a \u017eivotu. Na v\u00fdstave i v publik\u00e1cii sa predstavuj\u00fa z\u00e1rove\u0148 v\u00fdznamn\u00e9 diela autorov zo zbierky Gal\u00e9rie Nedbalka. Publik\u00e1cia: \u010cutek na tretiu; autor textov: Karol Mali\u0148\u00e1k; po\u010det str\u00e1n: 64; v\u00e4zba: ,m\u00e4kk\u00e1; rok vydania: 2022."}