{"id":8524,"date":"2025-01-10T11:35:15","date_gmt":"2025-01-10T10:35:15","guid":{"rendered":"https:\/\/www.nedbalka.sk\/?post_type=product&#038;p=8524"},"modified":"2025-01-10T11:36:53","modified_gmt":"2025-01-10T10:36:53","slug":"jana-farmanova-cas-na-zensky-svet","status":"publish","type":"product","link":"https:\/\/www.nedbalka.sk\/de\/product\/jana-farmanova-cas-na-zensky-svet\/","title":{"rendered":"Jana Farmanov\u00e1 &#8211; \u010cas na \u017eensk\u00fd svet"},"content":{"rendered":"<p>Jana Farmanov\u00e1 patr\u00ed k v\u00fdrazn\u00fdm osobnostiam slovenskej ma\u013eby. \u0160tudovala na Vysokej \u0161kole v\u00fdtvarn\u00fdch umen\u00ed v Bratislave v Ateli\u00e9ri ma\u013eby u prof. J\u00e1na Bergera. \u0160t\u00fadium ukon\u010dila v roku 1996, v \u010dase, ke\u010f ma\u013eba prech\u00e1dzala zlo\u017eit\u00fdm obdob\u00edm. Bola vytla\u010den\u00e1 na okraj v\u00fdtvarn\u00e9ho diania a uprednost\u0148ovan\u00e9 boli in\u00e9 formy v\u00fdtvarn\u00e9ho vyjadrenia. Pr\u00ed\u010dinou tejto situ\u00e1cie boli viacer\u00e9 udalosti z druhej polovice 20. storo\u010dia, ako napr\u00edklad pr\u00edchod konceptu\u00e1lneho \u010di ak\u010dn\u00e9ho umenia, vstup nov\u00fdch, najm\u00e4 digit\u00e1lnych m\u00e9di\u00ed do umenia a v neposlednom rade aj doktr\u00edna socialistick\u00e9ho realizmu. Publik\u00e1cia sl\u00fa\u017ei ako katal\u00f3g k v\u00fdstave v Gal\u00e9rii Nedbalka.<\/p>\n<p style=\"font-weight: 400;\">N\u00e1zov: <strong><em>Jana Farmanov\u00e1<\/em><\/strong>\u00a0 , <strong><em>\u010cas na \u017eensk\u00fd svet \/ Time for <\/em><\/strong><strong><em>Woman\u2019s World, <\/em><\/strong>Autor: Alexandra Ko\u010di\u0161kov\u00e1<\/p>\n<p style=\"font-weight: 400;\">V\u00e4zba: m\u00e4kk\u00e1, ISBN: 978-80-89784-29-5, Po\u010det str\u00e1n: 51, Jazyk: slovensk\u00fd + anglick\u00fd<\/p>\n","protected":false},"excerpt":{"rendered":"<p>Jana Farmanov\u00e1 patr\u00ed k v\u00fdrazn\u00fdm osobnostiam slovenskej ma\u013eby. \u0160tudovala na Vysokej \u0161kole v\u00fdtvarn\u00fdch umen\u00ed v Bratislave v Ateli\u00e9ri ma\u013eby u prof. J\u00e1na Bergera. \u0160t\u00fadium ukon\u010dila v roku 1996, v \u010dase, ke\u010f ma\u013eba prech\u00e1dzala zlo\u017eit\u00fdm obdob\u00edm. Bola vytla\u010den\u00e1 na okraj v\u00fdtvarn\u00e9ho diania a uprednost\u0148ovan\u00e9 boli in\u00e9 formy v\u00fdtvarn\u00e9ho vyjadrenia. Pr\u00ed\u010dinou tejto situ\u00e1cie boli viacer\u00e9 udalosti z druhej polovice 20. storo\u010dia, ako napr\u00edklad pr\u00edchod konceptu\u00e1lneho \u010di ak\u010dn\u00e9ho umenia, vstup nov\u00fdch, najm\u00e4 digit\u00e1lnych m\u00e9di\u00ed do umenia a v neposlednom rade aj doktr\u00edna socialistick\u00e9ho realizmu. Publik\u00e1cia sl\u00fa\u017ei ako katal\u00f3g k v\u00fdstave v Gal\u00e9rii Nedbalka.<\/p>\n<p style=\"font-weight: 400;\">N\u00e1zov: <strong><em>Jana Farmanov\u00e1<\/em><\/strong>\u00a0 , <strong><em>\u010cas na \u017eensk\u00fd svet \/ Time for <\/em><\/strong><strong><em>Woman\u2019s World, <\/em><\/strong>Autor: Alexandra Ko\u010di\u0161kov\u00e1<\/p>\n<p style=\"font-weight: 400;\">V\u00e4zba: m\u00e4kk\u00e1, ISBN: 978-80-89784-29-5, Po\u010det str\u00e1n: 51, Jazyk: slovensk\u00fd + anglick\u00fd<\/p>\n","protected":false},"featured_media":8525,"template":"","meta":{"_acf_changed":false,"inline_featured_image":false},"class_list":{"0":"post-8524","1":"product","2":"type-product","3":"status-publish","4":"has-post-thumbnail","6":"product_cat-katalog","8":"first","9":"instock","10":"taxable","11":"shipping-taxable","12":"purchasable","13":"product-type-simple"},"acf":[],"yoast_head":"<!-- This site is optimized with the Yoast SEO plugin v27.4 - https:\/\/yoast.com\/product\/yoast-seo-wordpress\/ -->\n<title>Jana Farmanov\u00e1 - \u010cas na \u017eensk\u00fd svet | Nedbalka<\/title>\n<meta name=\"robots\" content=\"index, follow, max-snippet:-1, max-image-preview:large, max-video-preview:-1\" \/>\n<link rel=\"canonical\" href=\"https:\/\/www.nedbalka.sk\/product\/jana-farmanova-cas-na-zensky-svet\/\" \/>\n<meta property=\"og:locale\" content=\"de_DE\" \/>\n<meta property=\"og:type\" content=\"article\" \/>\n<meta property=\"og:title\" content=\"Jana Farmanov\u00e1 - \u010cas na \u017eensk\u00fd svet | Nedbalka\" \/>\n<meta property=\"og:description\" content=\"Jana Farmanov\u00e1 patr\u00ed k v\u00fdrazn\u00fdm osobnostiam slovenskej ma\u013eby. \u0160tudovala na Vysokej \u0161kole v\u00fdtvarn\u00fdch umen\u00ed v Bratislave v Ateli\u00e9ri ma\u013eby u prof. J\u00e1na Bergera. \u0160t\u00fadium ukon\u010dila v roku 1996, v \u010dase, ke\u010f ma\u013eba prech\u00e1dzala zlo\u017eit\u00fdm obdob\u00edm. Bola vytla\u010den\u00e1 na okraj v\u00fdtvarn\u00e9ho diania a uprednost\u0148ovan\u00e9 boli in\u00e9 formy v\u00fdtvarn\u00e9ho vyjadrenia. Pr\u00ed\u010dinou tejto situ\u00e1cie boli viacer\u00e9 udalosti z druhej polovice 20. storo\u010dia, ako napr\u00edklad pr\u00edchod konceptu\u00e1lneho \u010di ak\u010dn\u00e9ho umenia, vstup nov\u00fdch, najm\u00e4 digit\u00e1lnych m\u00e9di\u00ed do umenia a v neposlednom rade aj doktr\u00edna socialistick\u00e9ho realizmu. Publik\u00e1cia sl\u00fa\u017ei ako katal\u00f3g k v\u00fdstave v Gal\u00e9rii Nedbalka. N\u00e1zov: Jana Farmanov\u00e1\u00a0 , \u010cas na \u017eensk\u00fd svet \/ Time for Woman\u2019s World, Autor: Alexandra Ko\u010di\u0161kov\u00e1 V\u00e4zba: m\u00e4kk\u00e1, ISBN: 978-80-89784-29-5, Po\u010det str\u00e1n: 51, Jazyk: slovensk\u00fd + anglick\u00fd\" \/>\n<meta property=\"og:url\" content=\"https:\/\/www.nedbalka.sk\/product\/jana-farmanova-cas-na-zensky-svet\/\" \/>\n<meta property=\"og:site_name\" content=\"Nedbalka\" \/>\n<meta property=\"article:modified_time\" content=\"2025-01-10T10:36:53+00:00\" \/>\n<meta property=\"og:image\" content=\"https:\/\/www.nedbalka.sk\/wp-content\/uploads\/Unknown-23.jpeg\" \/>\n\t<meta property=\"og:image:width\" content=\"867\" \/>\n\t<meta property=\"og:image:height\" content=\"1155\" \/>\n\t<meta property=\"og:image:type\" content=\"image\/jpeg\" \/>\n<meta name=\"twitter:card\" content=\"summary_large_image\" \/>\n<meta name=\"twitter:label1\" content=\"Gesch\u00e4tzte Lesezeit\" \/>\n\t<meta name=\"twitter:data1\" content=\"1\u00a0Minute\" \/>\n<script type=\"application\/ld+json\" class=\"yoast-schema-graph\">{\"@context\":\"https:\\\/\\\/schema.org\",\"@graph\":[{\"@type\":\"WebPage\",\"@id\":\"https:\\\/\\\/www.nedbalka.sk\\\/product\\\/jana-farmanova-cas-na-zensky-svet\\\/\",\"url\":\"https:\\\/\\\/www.nedbalka.sk\\\/product\\\/jana-farmanova-cas-na-zensky-svet\\\/\",\"name\":\"Jana Farmanov\u00e1 - \u010cas na \u017eensk\u00fd svet | Nedbalka\",\"isPartOf\":{\"@id\":\"https:\\\/\\\/www.nedbalka.sk\\\/#website\"},\"primaryImageOfPage\":{\"@id\":\"https:\\\/\\\/www.nedbalka.sk\\\/product\\\/jana-farmanova-cas-na-zensky-svet\\\/#primaryimage\"},\"image\":{\"@id\":\"https:\\\/\\\/www.nedbalka.sk\\\/product\\\/jana-farmanova-cas-na-zensky-svet\\\/#primaryimage\"},\"thumbnailUrl\":\"https:\\\/\\\/www.nedbalka.sk\\\/wp-content\\\/uploads\\\/Unknown-23.jpeg\",\"datePublished\":\"2025-01-10T10:35:15+00:00\",\"dateModified\":\"2025-01-10T10:36:53+00:00\",\"breadcrumb\":{\"@id\":\"https:\\\/\\\/www.nedbalka.sk\\\/product\\\/jana-farmanova-cas-na-zensky-svet\\\/#breadcrumb\"},\"inLanguage\":\"de\",\"potentialAction\":[{\"@type\":\"ReadAction\",\"target\":[\"https:\\\/\\\/www.nedbalka.sk\\\/product\\\/jana-farmanova-cas-na-zensky-svet\\\/\"]}]},{\"@type\":\"ImageObject\",\"inLanguage\":\"de\",\"@id\":\"https:\\\/\\\/www.nedbalka.sk\\\/product\\\/jana-farmanova-cas-na-zensky-svet\\\/#primaryimage\",\"url\":\"https:\\\/\\\/www.nedbalka.sk\\\/wp-content\\\/uploads\\\/Unknown-23.jpeg\",\"contentUrl\":\"https:\\\/\\\/www.nedbalka.sk\\\/wp-content\\\/uploads\\\/Unknown-23.jpeg\",\"width\":867,\"height\":1155,\"caption\":\"Farmanova\"},{\"@type\":\"BreadcrumbList\",\"@id\":\"https:\\\/\\\/www.nedbalka.sk\\\/product\\\/jana-farmanova-cas-na-zensky-svet\\\/#breadcrumb\",\"itemListElement\":[{\"@type\":\"ListItem\",\"position\":1,\"name\":\"Home\",\"item\":\"https:\\\/\\\/www.nedbalka.sk\\\/de\\\/\"},{\"@type\":\"ListItem\",\"position\":2,\"name\":\"E-shop\",\"item\":\"https:\\\/\\\/www.nedbalka.sk\\\/e-shop\\\/\"},{\"@type\":\"ListItem\",\"position\":3,\"name\":\"Jana Farmanov\u00e1 &#8211; \u010cas na \u017eensk\u00fd svet\"}]},{\"@type\":\"WebSite\",\"@id\":\"https:\\\/\\\/www.nedbalka.sk\\\/#website\",\"url\":\"https:\\\/\\\/www.nedbalka.sk\\\/\",\"name\":\"Nedbalka\",\"description\":\"\u0164a\u017eisko zbierky Gal\u00e9rie Nedbalka spo\u010d\u00edva v slovenskej ma\u013ebe 20. storo\u010dia, ale s\u00fa v nej zast\u00fapen\u00e9 aj socha a grafika. Gal\u00e9ria diela prezentuje prostredn\u00edctvom st\u00e1lej expoz\u00edcie a kr\u00e1tkodob\u00fdch v\u00fdstav.\",\"potentialAction\":[{\"@type\":\"SearchAction\",\"target\":{\"@type\":\"EntryPoint\",\"urlTemplate\":\"https:\\\/\\\/www.nedbalka.sk\\\/?s={search_term_string}\"},\"query-input\":{\"@type\":\"PropertyValueSpecification\",\"valueRequired\":true,\"valueName\":\"search_term_string\"}}],\"inLanguage\":\"de\"}]}<\/script>\n<!-- \/ Yoast SEO plugin. -->","yoast_head_json":{"title":"Jana Farmanov\u00e1 - \u010cas na \u017eensk\u00fd svet | Nedbalka","robots":{"index":"index","follow":"follow","max-snippet":"max-snippet:-1","max-image-preview":"max-image-preview:large","max-video-preview":"max-video-preview:-1"},"canonical":"https:\/\/www.nedbalka.sk\/product\/jana-farmanova-cas-na-zensky-svet\/","og_locale":"de_DE","og_type":"article","og_title":"Jana Farmanov\u00e1 - \u010cas na \u017eensk\u00fd svet | Nedbalka","og_description":"Jana Farmanov\u00e1 patr\u00ed k v\u00fdrazn\u00fdm osobnostiam slovenskej ma\u013eby. \u0160tudovala na Vysokej \u0161kole v\u00fdtvarn\u00fdch umen\u00ed v Bratislave v Ateli\u00e9ri ma\u013eby u prof. J\u00e1na Bergera. \u0160t\u00fadium ukon\u010dila v roku 1996, v \u010dase, ke\u010f ma\u013eba prech\u00e1dzala zlo\u017eit\u00fdm obdob\u00edm. Bola vytla\u010den\u00e1 na okraj v\u00fdtvarn\u00e9ho diania a uprednost\u0148ovan\u00e9 boli in\u00e9 formy v\u00fdtvarn\u00e9ho vyjadrenia. Pr\u00ed\u010dinou tejto situ\u00e1cie boli viacer\u00e9 udalosti z druhej polovice 20. storo\u010dia, ako napr\u00edklad pr\u00edchod konceptu\u00e1lneho \u010di ak\u010dn\u00e9ho umenia, vstup nov\u00fdch, najm\u00e4 digit\u00e1lnych m\u00e9di\u00ed do umenia a v neposlednom rade aj doktr\u00edna socialistick\u00e9ho realizmu. Publik\u00e1cia sl\u00fa\u017ei ako katal\u00f3g k v\u00fdstave v Gal\u00e9rii Nedbalka. N\u00e1zov: Jana Farmanov\u00e1\u00a0 , \u010cas na \u017eensk\u00fd svet \/ Time for Woman\u2019s World, Autor: Alexandra Ko\u010di\u0161kov\u00e1 V\u00e4zba: m\u00e4kk\u00e1, ISBN: 978-80-89784-29-5, Po\u010det str\u00e1n: 51, Jazyk: slovensk\u00fd + anglick\u00fd","og_url":"https:\/\/www.nedbalka.sk\/product\/jana-farmanova-cas-na-zensky-svet\/","og_site_name":"Nedbalka","article_modified_time":"2025-01-10T10:36:53+00:00","og_image":[{"width":867,"height":1155,"url":"https:\/\/www.nedbalka.sk\/wp-content\/uploads\/Unknown-23.jpeg","type":"image\/jpeg"}],"twitter_card":"summary_large_image","twitter_misc":{"Gesch\u00e4tzte Lesezeit":"1\u00a0Minute"},"schema":{"@context":"https:\/\/schema.org","@graph":[{"@type":"WebPage","@id":"https:\/\/www.nedbalka.sk\/product\/jana-farmanova-cas-na-zensky-svet\/","url":"https:\/\/www.nedbalka.sk\/product\/jana-farmanova-cas-na-zensky-svet\/","name":"Jana Farmanov\u00e1 - \u010cas na \u017eensk\u00fd svet | Nedbalka","isPartOf":{"@id":"https:\/\/www.nedbalka.sk\/#website"},"primaryImageOfPage":{"@id":"https:\/\/www.nedbalka.sk\/product\/jana-farmanova-cas-na-zensky-svet\/#primaryimage"},"image":{"@id":"https:\/\/www.nedbalka.sk\/product\/jana-farmanova-cas-na-zensky-svet\/#primaryimage"},"thumbnailUrl":"https:\/\/www.nedbalka.sk\/wp-content\/uploads\/Unknown-23.jpeg","datePublished":"2025-01-10T10:35:15+00:00","dateModified":"2025-01-10T10:36:53+00:00","breadcrumb":{"@id":"https:\/\/www.nedbalka.sk\/product\/jana-farmanova-cas-na-zensky-svet\/#breadcrumb"},"inLanguage":"de","potentialAction":[{"@type":"ReadAction","target":["https:\/\/www.nedbalka.sk\/product\/jana-farmanova-cas-na-zensky-svet\/"]}]},{"@type":"ImageObject","inLanguage":"de","@id":"https:\/\/www.nedbalka.sk\/product\/jana-farmanova-cas-na-zensky-svet\/#primaryimage","url":"https:\/\/www.nedbalka.sk\/wp-content\/uploads\/Unknown-23.jpeg","contentUrl":"https:\/\/www.nedbalka.sk\/wp-content\/uploads\/Unknown-23.jpeg","width":867,"height":1155,"caption":"Farmanova"},{"@type":"BreadcrumbList","@id":"https:\/\/www.nedbalka.sk\/product\/jana-farmanova-cas-na-zensky-svet\/#breadcrumb","itemListElement":[{"@type":"ListItem","position":1,"name":"Home","item":"https:\/\/www.nedbalka.sk\/de\/"},{"@type":"ListItem","position":2,"name":"E-shop","item":"https:\/\/www.nedbalka.sk\/e-shop\/"},{"@type":"ListItem","position":3,"name":"Jana Farmanov\u00e1 &#8211; \u010cas na \u017eensk\u00fd svet"}]},{"@type":"WebSite","@id":"https:\/\/www.nedbalka.sk\/#website","url":"https:\/\/www.nedbalka.sk\/","name":"Nedbalka","description":"\u0164a\u017eisko zbierky Gal\u00e9rie Nedbalka spo\u010d\u00edva v slovenskej ma\u013ebe 20. storo\u010dia, ale s\u00fa v nej zast\u00fapen\u00e9 aj socha a grafika. Gal\u00e9ria diela prezentuje prostredn\u00edctvom st\u00e1lej expoz\u00edcie a kr\u00e1tkodob\u00fdch v\u00fdstav.","potentialAction":[{"@type":"SearchAction","target":{"@type":"EntryPoint","urlTemplate":"https:\/\/www.nedbalka.sk\/?s={search_term_string}"},"query-input":{"@type":"PropertyValueSpecification","valueRequired":true,"valueName":"search_term_string"}}],"inLanguage":"de"}]}},"_links":{"self":[{"href":"https:\/\/www.nedbalka.sk\/de\/wp-json\/wp\/v2\/product\/8524","targetHints":{"allow":["GET"]}}],"collection":[{"href":"https:\/\/www.nedbalka.sk\/de\/wp-json\/wp\/v2\/product"}],"about":[{"href":"https:\/\/www.nedbalka.sk\/de\/wp-json\/wp\/v2\/types\/product"}],"wp:featuredmedia":[{"embeddable":true,"href":"https:\/\/www.nedbalka.sk\/de\/wp-json\/wp\/v2\/media\/8525"}],"wp:attachment":[{"href":"https:\/\/www.nedbalka.sk\/de\/wp-json\/wp\/v2\/media?parent=8524"}],"curies":[{"name":"wp","href":"https:\/\/api.w.org\/{rel}","templated":true}]}}