{"id":6920,"date":"2023-05-10T14:20:16","date_gmt":"2023-05-10T12:20:16","guid":{"rendered":"https:\/\/www.nedbalka.sk\/?post_type=product&#038;p=6920"},"modified":"2023-05-10T14:20:17","modified_gmt":"2023-05-10T12:20:17","slug":"cutek-na-tretiu","status":"publish","type":"product","link":"https:\/\/www.nedbalka.sk\/de\/product\/cutek-na-tretiu\/","title":{"rendered":"\u010cutek na tretiu"},"content":{"rendered":"<p data-sr-id=\"23\">Koncepcia v\u00fdstavy i publik\u00e1cie je prirodzene rozdelen\u00e1 do troch \u010dast\u00ed pod\u013ea jednotliv\u00fdch autorov v\u00a0chronologickej postupnosti ich tvoriv\u00fdch dr\u00e1h. Kur\u00e1tor v\u00fdstavy Karol Mali\u0148\u00e1k jednotliv\u00e9 diela a skupiny diel za\u010dle\u0148uje do \u010dasov\u00fdch s\u00favislost\u00ed na priestore temer sedemdesiatich rokov tvorby troch gener\u00e1ci\u00ed umelcov, pribli\u017euje dobu a\u00a0podmienky \u010di situ\u00e1cie, v\u00a0ktor\u00fdch jednotliv\u00e9 diela \u010di koncepcie vznikali a\u00a0rozvinuli sa. Na\u010drt\u00e1va z\u00e1kladn\u00e9 in\u0161pir\u00e1cie, pohn\u00fatky k\u00a0tvorbe \u010di \u017eivotn\u00e9 filozofie a\u00a0postoje, pramene, z\u00a0ktor\u00fdch tvorba jednotliv\u00fdch autorov vych\u00e1dza. V\u00fdstava aj publik\u00e1cia pote\u0161ia predov\u0161etk\u00fdm z\u00e1ujemcov o\u00a0ikonick\u00e9 \u0161es\u0165desiate roky a\u00a0h\u013eadanie univerz\u00e1lneho, archetyp\u00e1lneho, v\u0161eobsiahleho tvaru vo vz\u0165ahu k\u00a0dom\u00e1cej trad\u00edcii, o\u00a0umenie Skupiny Mikul\u00e1\u0161a Galandu, ktor\u00e1 prestavovala najprogres\u00edvnej\u0161ie tendencie s\u00fadob\u00e9ho umenia na Slovensku a\u00a0dnes patr\u00ed k\u00a0zlat\u00e9mu fondu slovensk\u00e9ho umenia; ale i\u00a0z\u00e1ujemcov o\u00a0hrav\u00e9, \u010dist\u00e9, pr\u00ed\u0165a\u017eliv\u00e9 diela, ktor\u00e9 sa hl\u00e1sia k\u00a0estetick\u00fdm hodnot\u00e1m materi\u00e1lu (dreva a\u00a0kovu) s\u00a0pr\u00edzna\u010dn\u00fdm humorom, d\u00e1vkou nostalgie, \u0161tipkou ir\u00f3nie, ale i\u00a0l\u00e1sky a \u00facty k\u00a0\u010dloveku a \u017eivotu.<\/p>\n<p data-sr-id=\"24\">Na v\u00fdstave i v publik\u00e1cii sa predstavuj\u00fa z\u00e1rove\u0148 v\u00fdznamn\u00e9 diela autorov zo zbierky Gal\u00e9rie Nedbalka.<\/p>\n<p data-sr-id=\"24\"><strong>Publik\u00e1cia: \u010cutek na tretiu; <\/strong>autor textov: Karol Mali\u0148\u00e1k; po\u010det str\u00e1n: 64; v\u00e4zba: ,m\u00e4kk\u00e1; rok vydania: 2022.<\/p>\n","protected":false},"excerpt":{"rendered":"<p data-sr-id=\"23\">Koncepcia v\u00fdstavy i publik\u00e1cie je prirodzene rozdelen\u00e1 do troch \u010dast\u00ed pod\u013ea jednotliv\u00fdch autorov v\u00a0chronologickej postupnosti ich tvoriv\u00fdch dr\u00e1h. Kur\u00e1tor v\u00fdstavy Karol Mali\u0148\u00e1k jednotliv\u00e9 diela a skupiny diel za\u010dle\u0148uje do \u010dasov\u00fdch s\u00favislost\u00ed na priestore temer sedemdesiatich rokov tvorby troch gener\u00e1ci\u00ed umelcov, pribli\u017euje dobu a\u00a0podmienky \u010di situ\u00e1cie, v\u00a0ktor\u00fdch jednotliv\u00e9 diela \u010di koncepcie vznikali a\u00a0rozvinuli sa. Na\u010drt\u00e1va z\u00e1kladn\u00e9 in\u0161pir\u00e1cie, pohn\u00fatky k\u00a0tvorbe \u010di \u017eivotn\u00e9 filozofie a\u00a0postoje, pramene, z\u00a0ktor\u00fdch tvorba jednotliv\u00fdch autorov vych\u00e1dza. V\u00fdstava aj publik\u00e1cia pote\u0161ia predov\u0161etk\u00fdm z\u00e1ujemcov o\u00a0ikonick\u00e9 \u0161es\u0165desiate roky a\u00a0h\u013eadanie univerz\u00e1lneho, archetyp\u00e1lneho, v\u0161eobsiahleho tvaru vo vz\u0165ahu k\u00a0dom\u00e1cej trad\u00edcii, o\u00a0umenie Skupiny Mikul\u00e1\u0161a Galandu, ktor\u00e1 prestavovala najprogres\u00edvnej\u0161ie tendencie s\u00fadob\u00e9ho umenia na Slovensku a\u00a0dnes patr\u00ed k\u00a0zlat\u00e9mu fondu slovensk\u00e9ho umenia; ale i\u00a0z\u00e1ujemcov o\u00a0hrav\u00e9, \u010dist\u00e9, pr\u00ed\u0165a\u017eliv\u00e9 diela, ktor\u00e9 sa hl\u00e1sia k\u00a0estetick\u00fdm hodnot\u00e1m materi\u00e1lu (dreva a\u00a0kovu) s\u00a0pr\u00edzna\u010dn\u00fdm humorom, d\u00e1vkou nostalgie, \u0161tipkou ir\u00f3nie, ale i\u00a0l\u00e1sky a \u00facty k\u00a0\u010dloveku a \u017eivotu.<\/p>\n<p data-sr-id=\"24\">Na v\u00fdstave i v publik\u00e1cii sa predstavuj\u00fa z\u00e1rove\u0148 v\u00fdznamn\u00e9 diela autorov zo zbierky Gal\u00e9rie Nedbalka.<\/p>\n<p data-sr-id=\"24\"><strong>Publik\u00e1cia: \u010cutek na tretiu; <\/strong>autor textov: Karol Mali\u0148\u00e1k; po\u010det str\u00e1n: 64; v\u00e4zba: ,m\u00e4kk\u00e1; rok vydania: 2022.<\/p>\n","protected":false},"featured_media":6921,"template":"","meta":{"_acf_changed":false,"inline_featured_image":false},"class_list":{"0":"post-6920","1":"product","2":"type-product","3":"status-publish","4":"has-post-thumbnail","6":"product_cat-katalog","8":"first","9":"instock","10":"taxable","11":"shipping-taxable","12":"purchasable","13":"product-type-simple"},"acf":[],"yoast_head":"<!-- This site is optimized with the Yoast SEO plugin v27.4 - https:\/\/yoast.com\/product\/yoast-seo-wordpress\/ -->\n<title>\u010cutek na tretiu | Nedbalka<\/title>\n<meta name=\"robots\" content=\"index, follow, max-snippet:-1, max-image-preview:large, max-video-preview:-1\" \/>\n<link rel=\"canonical\" href=\"https:\/\/www.nedbalka.sk\/product\/cutek-na-tretiu\/\" \/>\n<meta property=\"og:locale\" content=\"de_DE\" \/>\n<meta property=\"og:type\" content=\"article\" \/>\n<meta property=\"og:title\" content=\"\u010cutek na tretiu | Nedbalka\" \/>\n<meta property=\"og:description\" content=\"Koncepcia v\u00fdstavy i publik\u00e1cie je prirodzene rozdelen\u00e1 do troch \u010dast\u00ed pod\u013ea jednotliv\u00fdch autorov v\u00a0chronologickej postupnosti ich tvoriv\u00fdch dr\u00e1h. Kur\u00e1tor v\u00fdstavy Karol Mali\u0148\u00e1k jednotliv\u00e9 diela a skupiny diel za\u010dle\u0148uje do \u010dasov\u00fdch s\u00favislost\u00ed na priestore temer sedemdesiatich rokov tvorby troch gener\u00e1ci\u00ed umelcov, pribli\u017euje dobu a\u00a0podmienky \u010di situ\u00e1cie, v\u00a0ktor\u00fdch jednotliv\u00e9 diela \u010di koncepcie vznikali a\u00a0rozvinuli sa. Na\u010drt\u00e1va z\u00e1kladn\u00e9 in\u0161pir\u00e1cie, pohn\u00fatky k\u00a0tvorbe \u010di \u017eivotn\u00e9 filozofie a\u00a0postoje, pramene, z\u00a0ktor\u00fdch tvorba jednotliv\u00fdch autorov vych\u00e1dza. V\u00fdstava aj publik\u00e1cia pote\u0161ia predov\u0161etk\u00fdm z\u00e1ujemcov o\u00a0ikonick\u00e9 \u0161es\u0165desiate roky a\u00a0h\u013eadanie univerz\u00e1lneho, archetyp\u00e1lneho, v\u0161eobsiahleho tvaru vo vz\u0165ahu k\u00a0dom\u00e1cej trad\u00edcii, o\u00a0umenie Skupiny Mikul\u00e1\u0161a Galandu, ktor\u00e1 prestavovala najprogres\u00edvnej\u0161ie tendencie s\u00fadob\u00e9ho umenia na Slovensku a\u00a0dnes patr\u00ed k\u00a0zlat\u00e9mu fondu slovensk\u00e9ho umenia; ale i\u00a0z\u00e1ujemcov o\u00a0hrav\u00e9, \u010dist\u00e9, pr\u00ed\u0165a\u017eliv\u00e9 diela, ktor\u00e9 sa hl\u00e1sia k\u00a0estetick\u00fdm hodnot\u00e1m materi\u00e1lu (dreva a\u00a0kovu) s\u00a0pr\u00edzna\u010dn\u00fdm humorom, d\u00e1vkou nostalgie, \u0161tipkou ir\u00f3nie, ale i\u00a0l\u00e1sky a \u00facty k\u00a0\u010dloveku a \u017eivotu. Na v\u00fdstave i v publik\u00e1cii sa predstavuj\u00fa z\u00e1rove\u0148 v\u00fdznamn\u00e9 diela autorov zo zbierky Gal\u00e9rie Nedbalka. Publik\u00e1cia: \u010cutek na tretiu; autor textov: Karol Mali\u0148\u00e1k; po\u010det str\u00e1n: 64; v\u00e4zba: ,m\u00e4kk\u00e1; rok vydania: 2022.\" \/>\n<meta property=\"og:url\" content=\"https:\/\/www.nedbalka.sk\/product\/cutek-na-tretiu\/\" \/>\n<meta property=\"og:site_name\" content=\"Nedbalka\" \/>\n<meta property=\"article:modified_time\" content=\"2023-05-10T12:20:17+00:00\" \/>\n<meta property=\"og:image\" content=\"https:\/\/www.nedbalka.sk\/wp-content\/uploads\/Unknown-1-7.jpeg\" \/>\n\t<meta property=\"og:image:width\" content=\"865\" \/>\n\t<meta property=\"og:image:height\" content=\"1156\" \/>\n\t<meta property=\"og:image:type\" content=\"image\/jpeg\" \/>\n<meta name=\"twitter:card\" content=\"summary_large_image\" \/>\n<meta name=\"twitter:label1\" content=\"Gesch\u00e4tzte Lesezeit\" \/>\n\t<meta name=\"twitter:data1\" content=\"1\u00a0Minute\" \/>\n<script type=\"application\/ld+json\" class=\"yoast-schema-graph\">{\"@context\":\"https:\\\/\\\/schema.org\",\"@graph\":[{\"@type\":\"WebPage\",\"@id\":\"https:\\\/\\\/www.nedbalka.sk\\\/product\\\/cutek-na-tretiu\\\/\",\"url\":\"https:\\\/\\\/www.nedbalka.sk\\\/product\\\/cutek-na-tretiu\\\/\",\"name\":\"\u010cutek na tretiu | Nedbalka\",\"isPartOf\":{\"@id\":\"https:\\\/\\\/www.nedbalka.sk\\\/#website\"},\"primaryImageOfPage\":{\"@id\":\"https:\\\/\\\/www.nedbalka.sk\\\/product\\\/cutek-na-tretiu\\\/#primaryimage\"},\"image\":{\"@id\":\"https:\\\/\\\/www.nedbalka.sk\\\/product\\\/cutek-na-tretiu\\\/#primaryimage\"},\"thumbnailUrl\":\"https:\\\/\\\/www.nedbalka.sk\\\/wp-content\\\/uploads\\\/Unknown-1-7.jpeg\",\"datePublished\":\"2023-05-10T12:20:16+00:00\",\"dateModified\":\"2023-05-10T12:20:17+00:00\",\"breadcrumb\":{\"@id\":\"https:\\\/\\\/www.nedbalka.sk\\\/product\\\/cutek-na-tretiu\\\/#breadcrumb\"},\"inLanguage\":\"de\",\"potentialAction\":[{\"@type\":\"ReadAction\",\"target\":[\"https:\\\/\\\/www.nedbalka.sk\\\/product\\\/cutek-na-tretiu\\\/\"]}]},{\"@type\":\"ImageObject\",\"inLanguage\":\"de\",\"@id\":\"https:\\\/\\\/www.nedbalka.sk\\\/product\\\/cutek-na-tretiu\\\/#primaryimage\",\"url\":\"https:\\\/\\\/www.nedbalka.sk\\\/wp-content\\\/uploads\\\/Unknown-1-7.jpeg\",\"contentUrl\":\"https:\\\/\\\/www.nedbalka.sk\\\/wp-content\\\/uploads\\\/Unknown-1-7.jpeg\",\"width\":865,\"height\":1156,\"caption\":\"Cutek\"},{\"@type\":\"BreadcrumbList\",\"@id\":\"https:\\\/\\\/www.nedbalka.sk\\\/product\\\/cutek-na-tretiu\\\/#breadcrumb\",\"itemListElement\":[{\"@type\":\"ListItem\",\"position\":1,\"name\":\"Home\",\"item\":\"https:\\\/\\\/www.nedbalka.sk\\\/de\\\/\"},{\"@type\":\"ListItem\",\"position\":2,\"name\":\"E-shop\",\"item\":\"https:\\\/\\\/www.nedbalka.sk\\\/e-shop\\\/\"},{\"@type\":\"ListItem\",\"position\":3,\"name\":\"\u010cutek na tretiu\"}]},{\"@type\":\"WebSite\",\"@id\":\"https:\\\/\\\/www.nedbalka.sk\\\/#website\",\"url\":\"https:\\\/\\\/www.nedbalka.sk\\\/\",\"name\":\"Nedbalka\",\"description\":\"\u0164a\u017eisko zbierky Gal\u00e9rie Nedbalka spo\u010d\u00edva v slovenskej ma\u013ebe 20. storo\u010dia, ale s\u00fa v nej zast\u00fapen\u00e9 aj socha a grafika. Gal\u00e9ria diela prezentuje prostredn\u00edctvom st\u00e1lej expoz\u00edcie a kr\u00e1tkodob\u00fdch v\u00fdstav.\",\"potentialAction\":[{\"@type\":\"SearchAction\",\"target\":{\"@type\":\"EntryPoint\",\"urlTemplate\":\"https:\\\/\\\/www.nedbalka.sk\\\/?s={search_term_string}\"},\"query-input\":{\"@type\":\"PropertyValueSpecification\",\"valueRequired\":true,\"valueName\":\"search_term_string\"}}],\"inLanguage\":\"de\"}]}<\/script>\n<!-- \/ Yoast SEO plugin. -->","yoast_head_json":{"title":"\u010cutek na tretiu | Nedbalka","robots":{"index":"index","follow":"follow","max-snippet":"max-snippet:-1","max-image-preview":"max-image-preview:large","max-video-preview":"max-video-preview:-1"},"canonical":"https:\/\/www.nedbalka.sk\/product\/cutek-na-tretiu\/","og_locale":"de_DE","og_type":"article","og_title":"\u010cutek na tretiu | Nedbalka","og_description":"Koncepcia v\u00fdstavy i publik\u00e1cie je prirodzene rozdelen\u00e1 do troch \u010dast\u00ed pod\u013ea jednotliv\u00fdch autorov v\u00a0chronologickej postupnosti ich tvoriv\u00fdch dr\u00e1h. Kur\u00e1tor v\u00fdstavy Karol Mali\u0148\u00e1k jednotliv\u00e9 diela a skupiny diel za\u010dle\u0148uje do \u010dasov\u00fdch s\u00favislost\u00ed na priestore temer sedemdesiatich rokov tvorby troch gener\u00e1ci\u00ed umelcov, pribli\u017euje dobu a\u00a0podmienky \u010di situ\u00e1cie, v\u00a0ktor\u00fdch jednotliv\u00e9 diela \u010di koncepcie vznikali a\u00a0rozvinuli sa. Na\u010drt\u00e1va z\u00e1kladn\u00e9 in\u0161pir\u00e1cie, pohn\u00fatky k\u00a0tvorbe \u010di \u017eivotn\u00e9 filozofie a\u00a0postoje, pramene, z\u00a0ktor\u00fdch tvorba jednotliv\u00fdch autorov vych\u00e1dza. V\u00fdstava aj publik\u00e1cia pote\u0161ia predov\u0161etk\u00fdm z\u00e1ujemcov o\u00a0ikonick\u00e9 \u0161es\u0165desiate roky a\u00a0h\u013eadanie univerz\u00e1lneho, archetyp\u00e1lneho, v\u0161eobsiahleho tvaru vo vz\u0165ahu k\u00a0dom\u00e1cej trad\u00edcii, o\u00a0umenie Skupiny Mikul\u00e1\u0161a Galandu, ktor\u00e1 prestavovala najprogres\u00edvnej\u0161ie tendencie s\u00fadob\u00e9ho umenia na Slovensku a\u00a0dnes patr\u00ed k\u00a0zlat\u00e9mu fondu slovensk\u00e9ho umenia; ale i\u00a0z\u00e1ujemcov o\u00a0hrav\u00e9, \u010dist\u00e9, pr\u00ed\u0165a\u017eliv\u00e9 diela, ktor\u00e9 sa hl\u00e1sia k\u00a0estetick\u00fdm hodnot\u00e1m materi\u00e1lu (dreva a\u00a0kovu) s\u00a0pr\u00edzna\u010dn\u00fdm humorom, d\u00e1vkou nostalgie, \u0161tipkou ir\u00f3nie, ale i\u00a0l\u00e1sky a \u00facty k\u00a0\u010dloveku a \u017eivotu. Na v\u00fdstave i v publik\u00e1cii sa predstavuj\u00fa z\u00e1rove\u0148 v\u00fdznamn\u00e9 diela autorov zo zbierky Gal\u00e9rie Nedbalka. Publik\u00e1cia: \u010cutek na tretiu; autor textov: Karol Mali\u0148\u00e1k; po\u010det str\u00e1n: 64; v\u00e4zba: ,m\u00e4kk\u00e1; rok vydania: 2022.","og_url":"https:\/\/www.nedbalka.sk\/product\/cutek-na-tretiu\/","og_site_name":"Nedbalka","article_modified_time":"2023-05-10T12:20:17+00:00","og_image":[{"width":865,"height":1156,"url":"https:\/\/www.nedbalka.sk\/wp-content\/uploads\/Unknown-1-7.jpeg","type":"image\/jpeg"}],"twitter_card":"summary_large_image","twitter_misc":{"Gesch\u00e4tzte Lesezeit":"1\u00a0Minute"},"schema":{"@context":"https:\/\/schema.org","@graph":[{"@type":"WebPage","@id":"https:\/\/www.nedbalka.sk\/product\/cutek-na-tretiu\/","url":"https:\/\/www.nedbalka.sk\/product\/cutek-na-tretiu\/","name":"\u010cutek na tretiu | Nedbalka","isPartOf":{"@id":"https:\/\/www.nedbalka.sk\/#website"},"primaryImageOfPage":{"@id":"https:\/\/www.nedbalka.sk\/product\/cutek-na-tretiu\/#primaryimage"},"image":{"@id":"https:\/\/www.nedbalka.sk\/product\/cutek-na-tretiu\/#primaryimage"},"thumbnailUrl":"https:\/\/www.nedbalka.sk\/wp-content\/uploads\/Unknown-1-7.jpeg","datePublished":"2023-05-10T12:20:16+00:00","dateModified":"2023-05-10T12:20:17+00:00","breadcrumb":{"@id":"https:\/\/www.nedbalka.sk\/product\/cutek-na-tretiu\/#breadcrumb"},"inLanguage":"de","potentialAction":[{"@type":"ReadAction","target":["https:\/\/www.nedbalka.sk\/product\/cutek-na-tretiu\/"]}]},{"@type":"ImageObject","inLanguage":"de","@id":"https:\/\/www.nedbalka.sk\/product\/cutek-na-tretiu\/#primaryimage","url":"https:\/\/www.nedbalka.sk\/wp-content\/uploads\/Unknown-1-7.jpeg","contentUrl":"https:\/\/www.nedbalka.sk\/wp-content\/uploads\/Unknown-1-7.jpeg","width":865,"height":1156,"caption":"Cutek"},{"@type":"BreadcrumbList","@id":"https:\/\/www.nedbalka.sk\/product\/cutek-na-tretiu\/#breadcrumb","itemListElement":[{"@type":"ListItem","position":1,"name":"Home","item":"https:\/\/www.nedbalka.sk\/de\/"},{"@type":"ListItem","position":2,"name":"E-shop","item":"https:\/\/www.nedbalka.sk\/e-shop\/"},{"@type":"ListItem","position":3,"name":"\u010cutek na tretiu"}]},{"@type":"WebSite","@id":"https:\/\/www.nedbalka.sk\/#website","url":"https:\/\/www.nedbalka.sk\/","name":"Nedbalka","description":"\u0164a\u017eisko zbierky Gal\u00e9rie Nedbalka spo\u010d\u00edva v slovenskej ma\u013ebe 20. storo\u010dia, ale s\u00fa v nej zast\u00fapen\u00e9 aj socha a grafika. Gal\u00e9ria diela prezentuje prostredn\u00edctvom st\u00e1lej expoz\u00edcie a kr\u00e1tkodob\u00fdch v\u00fdstav.","potentialAction":[{"@type":"SearchAction","target":{"@type":"EntryPoint","urlTemplate":"https:\/\/www.nedbalka.sk\/?s={search_term_string}"},"query-input":{"@type":"PropertyValueSpecification","valueRequired":true,"valueName":"search_term_string"}}],"inLanguage":"de"}]}},"_links":{"self":[{"href":"https:\/\/www.nedbalka.sk\/de\/wp-json\/wp\/v2\/product\/6920","targetHints":{"allow":["GET"]}}],"collection":[{"href":"https:\/\/www.nedbalka.sk\/de\/wp-json\/wp\/v2\/product"}],"about":[{"href":"https:\/\/www.nedbalka.sk\/de\/wp-json\/wp\/v2\/types\/product"}],"wp:featuredmedia":[{"embeddable":true,"href":"https:\/\/www.nedbalka.sk\/de\/wp-json\/wp\/v2\/media\/6921"}],"wp:attachment":[{"href":"https:\/\/www.nedbalka.sk\/de\/wp-json\/wp\/v2\/media?parent=6920"}],"curies":[{"name":"wp","href":"https:\/\/api.w.org\/{rel}","templated":true}]}}