{"id":4521,"date":"2019-04-23T14:20:46","date_gmt":"2019-04-23T13:20:46","guid":{"rendered":"https:\/\/www.nedbalka.sk\/?post_type=product&#038;p=4521"},"modified":"2025-01-10T11:31:59","modified_gmt":"2025-01-10T10:31:59","slug":"ladislav-mednyanszky-k-100-vyrociu-umrtiu-umelca","status":"publish","type":"product","link":"https:\/\/www.nedbalka.sk\/de\/product\/ladislav-mednyanszky-k-100-vyrociu-umrtiu-umelca\/","title":{"rendered":"Ladislav Medny\u00e1nszky &#8211; K 100. v\u00fdro\u010diu \u00famrtiu umelca"},"content":{"rendered":"","protected":false},"excerpt":{"rendered":"<p>V\u00a0dev\u00e4\u0165desiatych rokoch sa jeho tvorba uvo\u013e\u0148ovala a\u00a0obozn\u00e1menie sa s\u00a0impresionizmom viedlo k\u00a0e\u0161te v\u00fdraznej\u0161iemu vyjasneniu palety. \u010casto experimentoval na hranici svojich v\u00fdrazov\u00fdch mo\u017enost\u00ed. Toto tvoriv\u00e9 obdobie bolo\u00a0<strong>bl\u00edzke symbolizmu a\u00a0dekadencii so secesn\u00fdmi prvkami.<\/strong>\u00a0Prehlboval sa jeho z\u00e1ujem o\u00a0filozofiu, budhizmus a\u00a0teozofiu, ktor\u00e9 zam\u00fd\u0161\u013eal ist\u00fdm sp\u00f4sobom zapracova\u0165 do svojich diel. \u010casom pribudli expres\u00edvne \u0165ahy \u0161tetca a\u00a0energick\u00fd sp\u00f4sob ma\u013eby a\u00a0v\u00a0prvej dek\u00e1de 20. storo\u010dia aj expres\u00edvne po\u0148at\u00e9 ma\u013eby.<\/p>\n<p>Vydanie publik\u00e1cie podpril Fond na podporu umenia<\/p>\n<figure><a title=\"\" href=\"https:\/\/www.nedbalka.sk\/wp-content\/uploads\/FPU_logo-1.png\" data-fancybox=\"article-gallery\"> <img decoding=\"async\" class=\"\" src=\"https:\/\/www.nedbalka.sk\/wp-content\/uploads\/FPU_logo-1.png\" alt=\"\" width=\"119\" height=\"35\" \/> <\/a><\/figure>\n<p>&nbsp;<\/p>\n<p>Publik\u00e1cia: Ladislav Medny\u00e1nszky &#8211; K 100. v\u00fdro\u010diu \u00famrtia umelca, autor textov: Zs\u00f3fia Kiss-Szem\u00e1n; po\u010det str\u00e1n: 72; v\u00e4zba: m\u00e4kka; rok vydania 2019.<\/p>\n","protected":false},"featured_media":4522,"template":"","meta":{"_acf_changed":false,"inline_featured_image":false},"class_list":{"0":"post-4521","1":"product","2":"type-product","3":"status-publish","4":"has-post-thumbnail","6":"product_cat-katalog","8":"first","9":"instock","10":"taxable","11":"shipping-taxable","12":"purchasable","13":"product-type-simple"},"acf":[],"yoast_head":"<!-- This site is optimized with the Yoast SEO plugin v27.4 - https:\/\/yoast.com\/product\/yoast-seo-wordpress\/ -->\n<title>Ladislav Medny\u00e1nszky - K 100. v\u00fdro\u010diu \u00famrtiu umelca | Nedbalka<\/title>\n<meta name=\"robots\" content=\"index, follow, max-snippet:-1, max-image-preview:large, max-video-preview:-1\" \/>\n<link rel=\"canonical\" href=\"https:\/\/www.nedbalka.sk\/product\/ladislav-mednyanszky-k-100-vyrociu-umrtiu-umelca\/\" \/>\n<meta property=\"og:locale\" content=\"de_DE\" \/>\n<meta property=\"og:type\" content=\"article\" \/>\n<meta property=\"og:title\" content=\"Ladislav Medny\u00e1nszky - K 100. v\u00fdro\u010diu \u00famrtiu umelca | Nedbalka\" \/>\n<meta property=\"og:description\" content=\"V\u00a0dev\u00e4\u0165desiatych rokoch sa jeho tvorba uvo\u013e\u0148ovala a\u00a0obozn\u00e1menie sa s\u00a0impresionizmom viedlo k\u00a0e\u0161te v\u00fdraznej\u0161iemu vyjasneniu palety. \u010casto experimentoval na hranici svojich v\u00fdrazov\u00fdch mo\u017enost\u00ed. Toto tvoriv\u00e9 obdobie bolo\u00a0bl\u00edzke symbolizmu a\u00a0dekadencii so secesn\u00fdmi prvkami.\u00a0Prehlboval sa jeho z\u00e1ujem o\u00a0filozofiu, budhizmus a\u00a0teozofiu, ktor\u00e9 zam\u00fd\u0161\u013eal ist\u00fdm sp\u00f4sobom zapracova\u0165 do svojich diel. \u010casom pribudli expres\u00edvne \u0165ahy \u0161tetca a\u00a0energick\u00fd sp\u00f4sob ma\u013eby a\u00a0v\u00a0prvej dek\u00e1de 20. storo\u010dia aj expres\u00edvne po\u0148at\u00e9 ma\u013eby.  Vydanie publik\u00e1cie podpril Fond na podporu umenia   &nbsp;  Publik\u00e1cia: Ladislav Medny\u00e1nszky - K 100. v\u00fdro\u010diu \u00famrtia umelca, autor textov: Zs\u00f3fia Kiss-Szem\u00e1n; po\u010det str\u00e1n: 72; v\u00e4zba: m\u00e4kka; rok vydania 2019.\" \/>\n<meta property=\"og:url\" content=\"https:\/\/www.nedbalka.sk\/product\/ladislav-mednyanszky-k-100-vyrociu-umrtiu-umelca\/\" \/>\n<meta property=\"og:site_name\" content=\"Nedbalka\" \/>\n<meta property=\"article:modified_time\" content=\"2025-01-10T10:31:59+00:00\" \/>\n<meta property=\"og:image\" content=\"https:\/\/www.nedbalka.sk\/wp-content\/uploads\/mednyanszky-3D-obalka.jpg\" \/>\n\t<meta property=\"og:image:width\" content=\"865\" \/>\n\t<meta property=\"og:image:height\" content=\"1156\" \/>\n\t<meta property=\"og:image:type\" content=\"image\/jpeg\" \/>\n<meta name=\"twitter:card\" content=\"summary_large_image\" \/>\n<meta name=\"twitter:label1\" content=\"Gesch\u00e4tzte Lesezeit\" \/>\n\t<meta name=\"twitter:data1\" content=\"1\u00a0Minute\" \/>\n<script type=\"application\/ld+json\" class=\"yoast-schema-graph\">{\"@context\":\"https:\\\/\\\/schema.org\",\"@graph\":[{\"@type\":\"WebPage\",\"@id\":\"https:\\\/\\\/www.nedbalka.sk\\\/product\\\/ladislav-mednyanszky-k-100-vyrociu-umrtiu-umelca\\\/\",\"url\":\"https:\\\/\\\/www.nedbalka.sk\\\/product\\\/ladislav-mednyanszky-k-100-vyrociu-umrtiu-umelca\\\/\",\"name\":\"Ladislav Medny\u00e1nszky - K 100. v\u00fdro\u010diu \u00famrtiu umelca | Nedbalka\",\"isPartOf\":{\"@id\":\"https:\\\/\\\/www.nedbalka.sk\\\/#website\"},\"primaryImageOfPage\":{\"@id\":\"https:\\\/\\\/www.nedbalka.sk\\\/product\\\/ladislav-mednyanszky-k-100-vyrociu-umrtiu-umelca\\\/#primaryimage\"},\"image\":{\"@id\":\"https:\\\/\\\/www.nedbalka.sk\\\/product\\\/ladislav-mednyanszky-k-100-vyrociu-umrtiu-umelca\\\/#primaryimage\"},\"thumbnailUrl\":\"https:\\\/\\\/www.nedbalka.sk\\\/wp-content\\\/uploads\\\/mednyanszky-3D-obalka.jpg\",\"datePublished\":\"2019-04-23T13:20:46+00:00\",\"dateModified\":\"2025-01-10T10:31:59+00:00\",\"breadcrumb\":{\"@id\":\"https:\\\/\\\/www.nedbalka.sk\\\/product\\\/ladislav-mednyanszky-k-100-vyrociu-umrtiu-umelca\\\/#breadcrumb\"},\"inLanguage\":\"de\",\"potentialAction\":[{\"@type\":\"ReadAction\",\"target\":[\"https:\\\/\\\/www.nedbalka.sk\\\/product\\\/ladislav-mednyanszky-k-100-vyrociu-umrtiu-umelca\\\/\"]}]},{\"@type\":\"ImageObject\",\"inLanguage\":\"de\",\"@id\":\"https:\\\/\\\/www.nedbalka.sk\\\/product\\\/ladislav-mednyanszky-k-100-vyrociu-umrtiu-umelca\\\/#primaryimage\",\"url\":\"https:\\\/\\\/www.nedbalka.sk\\\/wp-content\\\/uploads\\\/mednyanszky-3D-obalka.jpg\",\"contentUrl\":\"https:\\\/\\\/www.nedbalka.sk\\\/wp-content\\\/uploads\\\/mednyanszky-3D-obalka.jpg\",\"width\":865,\"height\":1156,\"caption\":\"mednyanszky 3D obalka\"},{\"@type\":\"BreadcrumbList\",\"@id\":\"https:\\\/\\\/www.nedbalka.sk\\\/product\\\/ladislav-mednyanszky-k-100-vyrociu-umrtiu-umelca\\\/#breadcrumb\",\"itemListElement\":[{\"@type\":\"ListItem\",\"position\":1,\"name\":\"Home\",\"item\":\"https:\\\/\\\/www.nedbalka.sk\\\/de\\\/\"},{\"@type\":\"ListItem\",\"position\":2,\"name\":\"E-shop\",\"item\":\"https:\\\/\\\/www.nedbalka.sk\\\/e-shop\\\/\"},{\"@type\":\"ListItem\",\"position\":3,\"name\":\"Ladislav Medny\u00e1nszky &#8211; K 100. v\u00fdro\u010diu \u00famrtiu umelca\"}]},{\"@type\":\"WebSite\",\"@id\":\"https:\\\/\\\/www.nedbalka.sk\\\/#website\",\"url\":\"https:\\\/\\\/www.nedbalka.sk\\\/\",\"name\":\"Nedbalka\",\"description\":\"\u0164a\u017eisko zbierky Gal\u00e9rie Nedbalka spo\u010d\u00edva v slovenskej ma\u013ebe 20. storo\u010dia, ale s\u00fa v nej zast\u00fapen\u00e9 aj socha a grafika. Gal\u00e9ria diela prezentuje prostredn\u00edctvom st\u00e1lej expoz\u00edcie a kr\u00e1tkodob\u00fdch v\u00fdstav.\",\"potentialAction\":[{\"@type\":\"SearchAction\",\"target\":{\"@type\":\"EntryPoint\",\"urlTemplate\":\"https:\\\/\\\/www.nedbalka.sk\\\/?s={search_term_string}\"},\"query-input\":{\"@type\":\"PropertyValueSpecification\",\"valueRequired\":true,\"valueName\":\"search_term_string\"}}],\"inLanguage\":\"de\"}]}<\/script>\n<!-- \/ Yoast SEO plugin. -->","yoast_head_json":{"title":"Ladislav Medny\u00e1nszky - K 100. v\u00fdro\u010diu \u00famrtiu umelca | Nedbalka","robots":{"index":"index","follow":"follow","max-snippet":"max-snippet:-1","max-image-preview":"max-image-preview:large","max-video-preview":"max-video-preview:-1"},"canonical":"https:\/\/www.nedbalka.sk\/product\/ladislav-mednyanszky-k-100-vyrociu-umrtiu-umelca\/","og_locale":"de_DE","og_type":"article","og_title":"Ladislav Medny\u00e1nszky - K 100. v\u00fdro\u010diu \u00famrtiu umelca | Nedbalka","og_description":"V\u00a0dev\u00e4\u0165desiatych rokoch sa jeho tvorba uvo\u013e\u0148ovala a\u00a0obozn\u00e1menie sa s\u00a0impresionizmom viedlo k\u00a0e\u0161te v\u00fdraznej\u0161iemu vyjasneniu palety. \u010casto experimentoval na hranici svojich v\u00fdrazov\u00fdch mo\u017enost\u00ed. Toto tvoriv\u00e9 obdobie bolo\u00a0bl\u00edzke symbolizmu a\u00a0dekadencii so secesn\u00fdmi prvkami.\u00a0Prehlboval sa jeho z\u00e1ujem o\u00a0filozofiu, budhizmus a\u00a0teozofiu, ktor\u00e9 zam\u00fd\u0161\u013eal ist\u00fdm sp\u00f4sobom zapracova\u0165 do svojich diel. \u010casom pribudli expres\u00edvne \u0165ahy \u0161tetca a\u00a0energick\u00fd sp\u00f4sob ma\u013eby a\u00a0v\u00a0prvej dek\u00e1de 20. storo\u010dia aj expres\u00edvne po\u0148at\u00e9 ma\u013eby.  Vydanie publik\u00e1cie podpril Fond na podporu umenia   &nbsp;  Publik\u00e1cia: Ladislav Medny\u00e1nszky - K 100. v\u00fdro\u010diu \u00famrtia umelca, autor textov: Zs\u00f3fia Kiss-Szem\u00e1n; po\u010det str\u00e1n: 72; v\u00e4zba: m\u00e4kka; rok vydania 2019.","og_url":"https:\/\/www.nedbalka.sk\/product\/ladislav-mednyanszky-k-100-vyrociu-umrtiu-umelca\/","og_site_name":"Nedbalka","article_modified_time":"2025-01-10T10:31:59+00:00","og_image":[{"width":865,"height":1156,"url":"https:\/\/www.nedbalka.sk\/wp-content\/uploads\/mednyanszky-3D-obalka.jpg","type":"image\/jpeg"}],"twitter_card":"summary_large_image","twitter_misc":{"Gesch\u00e4tzte Lesezeit":"1\u00a0Minute"},"schema":{"@context":"https:\/\/schema.org","@graph":[{"@type":"WebPage","@id":"https:\/\/www.nedbalka.sk\/product\/ladislav-mednyanszky-k-100-vyrociu-umrtiu-umelca\/","url":"https:\/\/www.nedbalka.sk\/product\/ladislav-mednyanszky-k-100-vyrociu-umrtiu-umelca\/","name":"Ladislav Medny\u00e1nszky - K 100. v\u00fdro\u010diu \u00famrtiu umelca | Nedbalka","isPartOf":{"@id":"https:\/\/www.nedbalka.sk\/#website"},"primaryImageOfPage":{"@id":"https:\/\/www.nedbalka.sk\/product\/ladislav-mednyanszky-k-100-vyrociu-umrtiu-umelca\/#primaryimage"},"image":{"@id":"https:\/\/www.nedbalka.sk\/product\/ladislav-mednyanszky-k-100-vyrociu-umrtiu-umelca\/#primaryimage"},"thumbnailUrl":"https:\/\/www.nedbalka.sk\/wp-content\/uploads\/mednyanszky-3D-obalka.jpg","datePublished":"2019-04-23T13:20:46+00:00","dateModified":"2025-01-10T10:31:59+00:00","breadcrumb":{"@id":"https:\/\/www.nedbalka.sk\/product\/ladislav-mednyanszky-k-100-vyrociu-umrtiu-umelca\/#breadcrumb"},"inLanguage":"de","potentialAction":[{"@type":"ReadAction","target":["https:\/\/www.nedbalka.sk\/product\/ladislav-mednyanszky-k-100-vyrociu-umrtiu-umelca\/"]}]},{"@type":"ImageObject","inLanguage":"de","@id":"https:\/\/www.nedbalka.sk\/product\/ladislav-mednyanszky-k-100-vyrociu-umrtiu-umelca\/#primaryimage","url":"https:\/\/www.nedbalka.sk\/wp-content\/uploads\/mednyanszky-3D-obalka.jpg","contentUrl":"https:\/\/www.nedbalka.sk\/wp-content\/uploads\/mednyanszky-3D-obalka.jpg","width":865,"height":1156,"caption":"mednyanszky 3D obalka"},{"@type":"BreadcrumbList","@id":"https:\/\/www.nedbalka.sk\/product\/ladislav-mednyanszky-k-100-vyrociu-umrtiu-umelca\/#breadcrumb","itemListElement":[{"@type":"ListItem","position":1,"name":"Home","item":"https:\/\/www.nedbalka.sk\/de\/"},{"@type":"ListItem","position":2,"name":"E-shop","item":"https:\/\/www.nedbalka.sk\/e-shop\/"},{"@type":"ListItem","position":3,"name":"Ladislav Medny\u00e1nszky &#8211; K 100. v\u00fdro\u010diu \u00famrtiu umelca"}]},{"@type":"WebSite","@id":"https:\/\/www.nedbalka.sk\/#website","url":"https:\/\/www.nedbalka.sk\/","name":"Nedbalka","description":"\u0164a\u017eisko zbierky Gal\u00e9rie Nedbalka spo\u010d\u00edva v slovenskej ma\u013ebe 20. storo\u010dia, ale s\u00fa v nej zast\u00fapen\u00e9 aj socha a grafika. Gal\u00e9ria diela prezentuje prostredn\u00edctvom st\u00e1lej expoz\u00edcie a kr\u00e1tkodob\u00fdch v\u00fdstav.","potentialAction":[{"@type":"SearchAction","target":{"@type":"EntryPoint","urlTemplate":"https:\/\/www.nedbalka.sk\/?s={search_term_string}"},"query-input":{"@type":"PropertyValueSpecification","valueRequired":true,"valueName":"search_term_string"}}],"inLanguage":"de"}]}},"_links":{"self":[{"href":"https:\/\/www.nedbalka.sk\/de\/wp-json\/wp\/v2\/product\/4521","targetHints":{"allow":["GET"]}}],"collection":[{"href":"https:\/\/www.nedbalka.sk\/de\/wp-json\/wp\/v2\/product"}],"about":[{"href":"https:\/\/www.nedbalka.sk\/de\/wp-json\/wp\/v2\/types\/product"}],"wp:featuredmedia":[{"embeddable":true,"href":"https:\/\/www.nedbalka.sk\/de\/wp-json\/wp\/v2\/media\/4522"}],"wp:attachment":[{"href":"https:\/\/www.nedbalka.sk\/de\/wp-json\/wp\/v2\/media?parent=4521"}],"curies":[{"name":"wp","href":"https:\/\/api.w.org\/{rel}","templated":true}]}}